{"id":1103,"date":"2024-05-09T19:28:52","date_gmt":"2024-05-09T17:28:52","guid":{"rendered":"https:\/\/ocdsavila2026.com\/carmelitani-scalzi\/"},"modified":"2026-07-18T18:45:59","modified_gmt":"2026-07-18T16:45:59","slug":"carmelitani-scalzi","status":"publish","type":"page","link":"https:\/\/ocdsavila2026.com\/it\/","title":{"rendered":"CASA"},"content":{"rendered":"<div class=\"et_pb_section_0 et_pb_section et_section_regular et_block_section section_has_divider et_pb_bottom_divider\">\n<div class=\"et_pb_row_0 et_pb_row et_block_row\">\n<div class=\"et_pb_column_0 et_pb_column et_pb_column_4_4 et-last-child et_block_column et_pb_css_mix_blend_mode_passthrough\">\n<div class=\"et_pb_text_0 et_pb_text et_pb_bg_layout_light et_animated et_pb_module et_block_module\"><div class=\"et_pb_text_inner\"><h2><span> Testimoni dell'esperienza di Dio: identit\u00e0 e missione <\/span><\/h2>\n<p><span><\/span><\/p>\n<\/div><\/div>\n<\/div>\n<\/div>\n\n<div class=\"et_pb_row_1 et_pb_row et_block_row\">\n<div class=\"et_pb_column_1 et_pb_column et_pb_column_1_3 et_block_column et_pb_css_mix_blend_mode_passthrough\">\n<div class=\"et_pb_module et_pb_button_module_wrapper et_pb_button_0_wrapper\"><a class=\"et_pb_button_0 et_pb_button et_pb_bg_layout_light et_pb_module et_block_module\" href=\"#programma\">Scopri il programma<\/a><\/div>\n<\/div>\n\n<div class=\"et_pb_column_2 et_pb_column et_pb_column_1_3 et_block_column et_pb_css_mix_blend_mode_passthrough\">\n<div class=\"et_pb_module et_pb_button_module_wrapper et_pb_button_1_wrapper\"><a class=\"et_pb_button_1 et_pb_button et_pb_bg_layout_light et_pb_module et_block_module\" href=\"http:\/\/!--&#091;CDATA&#091;#alojamiento&#093;&#093;--\">Trova un alloggio<\/a><\/div>\n<\/div>\n\n<div class=\"et_pb_column_3 et_pb_column et_pb_column_1_3 et-last-child et_block_column et_pb_css_mix_blend_mode_passthrough\">\n<div class=\"et_pb_module et_pb_button_module_wrapper et_pb_button_2_wrapper\"><a class=\"et_pb_button_2 et_pb_button et_pb_bg_layout_light et_pb_module et_block_module\" href=\"\/it\/inscripcion\/\">Registro<\/a><\/div>\n<\/div>\n<\/div>\n<div class=\"et_pb_bottom_inside_divider et-no-transition\"><\/div><\/div>\n\n<div class=\"et_pb_section_1 et_pb_section et_section_regular et_block_section\">\n<div class=\"et_pb_row_2 et_pb_row et_pb_equal_columns et_pb_gutters1 et_block_row\">\n<div class=\"et_pb_column_4 et_pb_column et_pb_column_3_5 et_block_column et_pb_css_mix_blend_mode_passthrough\">\n<div class=\"et_pb_text_1 et_pb_text et_pb_bg_layout_light et_animated et_pb_module et_block_module preset--module--divi-text--b0bf5418-994a-43d1-aef8-7d7c6764119d\"><div class=\"et_pb_text_inner\"><h2><strong>Benvenuti a casa<\/strong><\/h2>\n<\/div><\/div>\n\n<div class=\"et_pb_text_2 et_pb_text et_pb_bg_layout_light et_animated et_pb_module et_block_module preset--module--divi-text--3fc5abb1-35dc-424b-b073-9c70a2f7c68a\"><div class=\"et_pb_text_inner\"><p><span style=\"font-weight: 400;\">.Avila, terra di Teresa e Giovanni della Croce, apre le sue porte alla grande famiglia del Carmelo Secolare Scalzo. Dai cinque continenti, pi\u00f9 di mille fratelli e sorelle si riuniranno per celebrare ci\u00f2 che siamo: <strong>una vocazione, un carisma, una missione condivisa<\/strong>.<br \/>Per quattro giorni vivremo insieme un cammino di preghiera, formazione, fraternit\u00e0 e invio. Con il cuore in Dio e i piedi nel mondo, ci riuniremo per rinnovare la nostra identit\u00e0, per discernere insieme le sfide di oggi e per rafforzare la nostra comunione universale.<\/span><\/p>\n<p><span style=\"color: #003366;\"><a href=\"https:\/\/maps.app.goo.gl\/4BmMSqwRLaJ5PaEi9\" style=\"color: #003366;\"><strong>Sede dell'incontro mondiale OCDS:\u00a0Palazzo dei Congressi \"Lienzo Norte\" nella citt\u00e0 di \u00c1vila.<\/strong><\/a><\/span><\/p>\n<\/div><\/div>\n\n<div class=\"et_pb_image_0 et_pb_image et_pb_module et_block_module\"><a href=\"https:\/\/maps.app.goo.gl\/vpW9q4wvBfTWsFg89?g_st=iw\"><span class=\"et_pb_image_wrap\"><img loading=\"lazy\" decoding=\"async\" src=\"https:\/\/ocdsavila2026.com\/wp-content\/uploads\/2026\/01\/logolanding-1.png\" width=\"509\" height=\"180\" srcset=\"https:\/\/ocdsavila2026.com\/wp-content\/uploads\/2026\/01\/logolanding-1.png 509w, https:\/\/ocdsavila2026.com\/wp-content\/uploads\/2026\/01\/logolanding-1-480x170.png 480w\" sizes=\"(min-width: 0px) and (max-width: 480px) 480px, (min-width: 481px) 509px, 100vw\" class=\"wp-image-3766\" title=\"logolanding\" \/><\/span><\/a><\/div>\n<\/div>\n\n<div class=\"et_pb_column_5 et_pb_column et_pb_column_2_5 et-last-child et_block_column et_pb_css_mix_blend_mode_passthrough\">\n<div class=\"et_pb_video_0 et_pb_video et_animated et_pb_module et_block_module\"><div class=\"et_pb_video_box\"><iframe loading=\"lazy\" title=\"Saludo del Padre General al Carmelo Seglar del mundo\" width=\"1080\" height=\"608\" src=\"https:\/\/www.youtube.com\/embed\/fLfNwEDQQvY?feature=oembed\"  allow=\"accelerometer; autoplay; clipboard-write; encrypted-media; gyroscope; picture-in-picture; web-share\" referrerpolicy=\"strict-origin-when-cross-origin\" allowfullscreen><\/iframe><\/div><div class=\"et_pb_video_overlay\" style=\"background-image:url(https:\/\/ocdsavila2026.com\/wp-content\/uploads\/2025\/08\/Generated-Image-August-27-2025-7_24AM.jpeg)\"><div class=\"et_pb_video_overlay_hover\"><a class=\"et_pb_video_play\" href=\"#\"><\/a><\/div><\/div><\/div>\n<\/div>\n<\/div>\n<\/div>\n\n<div class=\"et_pb_section_2 et_pb_section et_section_regular et_block_section section_has_divider et_pb_top_divider\" id=\"cronache\"><div class=\"et_pb_top_inside_divider et-no-transition\"><\/div><\/div>\n\n<div class=\"et_pb_section_3 et_pb_section et_section_regular et_block_section section_has_divider et_pb_bottom_divider\">\n<div class=\"et_pb_row_3 et_pb_row et_block_row et_animated\">\n<div class=\"et_pb_column_6 et_pb_column et_pb_column_4_4 et-last-child et_block_column et_pb_css_mix_blend_mode_passthrough\">\n<div class=\"et_pb_text_3 et_pb_text et_pb_bg_layout_light et_pb_module et_block_module\"><div class=\"et_pb_text_inner\"><h2 style=\"text-align: center;\">Cosa ti offriamo alla riunione?<\/h2>\n<\/div><\/div>\n<\/div>\n<\/div>\n\n<div class=\"et_pb_row_4 et_pb_row et_block_row et_animated\">\n<div class=\"et_pb_column_7 et_pb_column et_pb_column_1_3 et_block_column et_pb_css_mix_blend_mode_passthrough\">\n<div class=\"et_pb_icon_0 et_pb_icon et_pb_module et_block_module\"><span class=\"et_pb_icon_wrap\"><span class=\"et-pb-icon\">\uf56b<\/span><\/span><\/div>\n\n<div class=\"et_pb_text_4 et_pb_text et_pb_bg_layout_light et_pb_module et_block_module\"><div class=\"et_pb_text_inner\"><h5 style=\"text-align: center;\">Conferenze<\/h5>\n<\/div><\/div>\n\n<div class=\"et_pb_text_5 et_pb_text et_pb_bg_layout_light et_pb_module et_block_module\"><div class=\"et_pb_text_inner\"><p>Sulla <span style=\"font-size: 20px;\">spiritualit\u00e0, l'identit\u00e0 e la missione del Carmelo Secolare<\/span><\/p>\n<\/div><\/div>\n<\/div>\n\n<div class=\"et_pb_column_8 et_pb_column et_pb_column_1_3 et_block_column et_pb_css_mix_blend_mode_passthrough\">\n<div class=\"et_pb_icon_1 et_pb_icon et_pb_module et_block_module\"><span class=\"et_pb_icon_wrap\"><span class=\"et-pb-icon\">\uf51d<\/span><\/span><\/div>\n\n<div class=\"et_pb_text_6 et_pb_text et_pb_bg_layout_light et_pb_module et_block_module\"><div class=\"et_pb_text_inner\"><h5 style=\"text-align: center;\">Eucaristie e momenti di preghiera  <\/h5>\n<\/div><\/div>\n\n<div class=\"et_pb_text_7 et_pb_text et_pb_bg_layout_light et_pb_module et_block_module\"><div class=\"et_pb_text_inner\"><p>Iniziare e terminare la giornata alla presenza di \"Colui che sappiamo ci ama\".<\/p>\n<\/div><\/div>\n<\/div>\n\n<div class=\"et_pb_column_9 et_pb_column et_pb_column_1_3 et-last-child et_block_column et_pb_css_mix_blend_mode_passthrough\">\n<div class=\"et_pb_icon_2 et_pb_icon et_pb_module et_block_module\"><span class=\"et_pb_icon_wrap\"><span class=\"et-pb-icon\">\uf0c0<\/span><\/span><\/div>\n\n<div class=\"et_pb_text_8 et_pb_text et_pb_bg_layout_light et_pb_module et_block_module\"><div class=\"et_pb_text_inner\"><h5 style=\"text-align: center;\">Spazi di convivenza fraterna<\/h5>\n<\/div><\/div>\n\n<div class=\"et_pb_text_9 et_pb_text et_pb_bg_layout_light et_pb_module et_block_module\"><div class=\"et_pb_text_inner\"><p>Con le comunit\u00e0 di tutto il mondo<\/p>\n<\/div><\/div>\n<\/div>\n<\/div>\n\n<div class=\"et_pb_row_5 et_pb_row et_block_row et_animated\">\n<div class=\"et_pb_column_10 et_pb_column et_pb_column_1_3 et_block_column et_pb_css_mix_blend_mode_passthrough\">\n<div class=\"et_pb_icon_3 et_pb_icon et_pb_module et_block_module\"><span class=\"et_pb_icon_wrap\"><span class=\"et-pb-icon\">\uf2f1<\/span><\/span><\/div>\n\n<div class=\"et_pb_text_10 et_pb_text et_pb_bg_layout_light et_pb_module et_block_module\"><div class=\"et_pb_text_inner\"><h5 style=\"text-align: center;\">Scambio culturale OCDS<\/h5>\n<\/div><\/div>\n\n<div class=\"et_pb_text_11 et_pb_text et_pb_bg_layout_light et_pb_module et_block_module\"><div class=\"et_pb_text_inner\"><p>Condividere con fratelli di tutto il mondo i diversi modi di vivere lo stesso carisma.<\/p>\n<\/div><\/div>\n<\/div>\n\n<div class=\"et_pb_column_11 et_pb_column et_pb_column_1_3 et_block_column et_pb_css_mix_blend_mode_passthrough\">\n<div class=\"et_pb_icon_4 et_pb_icon et_pb_module et_block_module\"><span class=\"et_pb_icon_wrap\"><span class=\"et-pb-icon\">\uf018<\/span><\/span><\/div>\n\n<div class=\"et_pb_text_12 et_pb_text et_pb_bg_layout_light et_pb_module et_block_module\"><div class=\"et_pb_text_inner\"><h5 style=\"text-align: center;\">Escursioni Teresiane-San Giovanni<\/h5>\n<\/div><\/div>\n\n<div class=\"et_pb_text_13 et_pb_text et_pb_bg_layout_light et_pb_module et_block_module\"><div class=\"et_pb_text_inner\"><p style=\"text-align: center;\">Per raggiungere luoghi chiave come Alba de Tormes, Segovia, Medina del Campo, Fontiveros o Duruelo.<\/p>\n<\/div><\/div>\n<\/div>\n\n<div class=\"et_pb_column_12 et_pb_column et_pb_column_1_3 et-last-child et_block_column et_pb_css_mix_blend_mode_passthrough\">\n<div class=\"et_pb_icon_5 et_pb_icon et_pb_module et_block_module\"><span class=\"et_pb_icon_wrap\"><span class=\"et-pb-icon\">\uf501<\/span><\/span><\/div>\n\n<div class=\"et_pb_text_14 et_pb_text et_pb_bg_layout_light et_pb_module et_block_module\"><div class=\"et_pb_text_inner\"><h5 style=\"text-align: center;\">Un tributo speciale a San Giovanni della Croce<\/h5>\n<\/div><\/div>\n\n<div class=\"et_pb_text_15 et_pb_text et_pb_bg_layout_light et_pb_module et_block_module\"><div class=\"et_pb_text_inner\"><p>In occasione del centenario del suo dottorato. Riuscire a vincere il Giubileo, nei templi designati a questo scopo. <\/p>\n<\/div><\/div>\n<\/div>\n<\/div>\n<div class=\"et_pb_bottom_inside_divider et-no-transition\"><\/div><\/div>\n\n<div class=\"et_pb_section_4 et_pb_section et_section_specialty et_pb_equal_columns et_pb_gutters3 et_block_section section_has_divider et_pb_bottom_divider\" id=\"alojamiento\"><div class=\"et_pb_row et_block_row\">\n<div class=\"et_pb_column_13 et_pb_column et_pb_column_single et_pb_column_1_2 et_block_column et_pb_css_mix_blend_mode_passthrough\">\n<div class=\"et_pb_text_16 et_pb_text et_pb_bg_layout_light et_pb_module et_block_module preset--module--divi-text--b0bf5418-994a-43d1-aef8-7d7c6764119d\"><div class=\"et_pb_text_inner\"><h1 style=\"text-align: left;\"><span style=\"color: #ffffff;\"><strong>Ad Avila<\/strong><\/span><\/h1>\n<\/div><\/div>\n\n<div class=\"et_pb_text_17 et_pb_text et_pb_bg_layout_light et_pb_module et_block_module\"><div class=\"et_pb_text_inner\"><p><span style=\"font-weight: 400;\">\u00c1vila, sede del nostro congresso e luogo di nascita di nostra madre Santa Teresa di Ges\u00f9, \u00e8 una citt\u00e0 di medie dimensioni nel cuore della Castiglia e Le\u00f3n, nota per la sua ricca storia, l'atmosfera serena e l'eccellente conservazione del patrimonio. Con una popolazione di circa 60.000 abitanti, offre la tranquillit\u00e0 di una piccola citt\u00e0 senza rinunciare a una vivace vita culturale. Si distingue per l'imponente cinta muraria medievale, una delle meglio conservate d'Europa, che circonda il suo centro storico e gli conferisce un carattere unico.    <\/span><\/p>\n<p><span style=\"font-weight: 400;\">Avila offre una grande variet\u00e0 di opzioni: centri di spiritualit\u00e0 e una vasta gamma di alloggi turistici (hotel tradizionali, ostelli e appartamenti turistici).<\/span><\/p>\n<\/div><\/div>\n\n<div class=\"et_pb_module et_pb_button_module_wrapper et_pb_button_3_wrapper\"><a class=\"et_pb_button_3 et_pb_button et_pb_bg_layout_light et_pb_module et_block_module\" href=\"https:\/\/ocdsavila2026.com\/wp-content\/uploads\/2025\/12\/Como-llegar-al-CITeS-en-1.pdf\" target=\"_blank\">Scopri come arrivare<\/a><\/div>\n<\/div>\n\n<div class=\"et_pb_column_14 et_pb_column et_pb_specialty_column et_pb_column_1_2 et-last-child et_block_column et_pb_css_mix_blend_mode_passthrough\">\n<div class=\"et_pb_row_inner_0 et_pb_row_inner et_block_row\">\n<div class=\"et_pb_column_inner_0 et_pb_column_inner et_pb_column et_pb_column_4_4 et-last-child et_block_column et_pb_css_mix_blend_mode_passthrough\">\n<div class=\"et_pb_text_18 et_pb_text et_pb_bg_layout_light et_animated et_pb_module et_block_module\"><div class=\"et_pb_text_inner\" data-et-mv-hidden-tablet=\"true\"><h2 style=\"text-align: center;\"><span style=\"color: #f1d6ab;\"><strong>Dove alloggiare?<\/strong><\/span><\/h2>\n<\/div><\/div>\n<\/div>\n<\/div>\n\n<div class=\"et_pb_row_inner_1 et_pb_row_inner et_block_row\">\n<div class=\"et_pb_column_inner_1 et_pb_column_inner et_pb_column et_pb_column_4_4 et-last-child et_block_column et_pb_css_mix_blend_mode_passthrough\">\n<div class=\"et_pb_accordion_0 et_pb_accordion et_pb_module et_block_module\" id=\"programacion\">\n<div class=\"et_pb_accordion_item_0 et_pb_accordion_item et_pb_toggle et_pb_module et_pb_toggle_open et_block_module\"><div class=\"et_pb_toggle_content\"><p>Il tuo contenuto va qui. Puoi modificare o rimuovere questo testo in linea o nelle impostazioni del modulo Contenuto. Inoltre, puoi personalizzare ogni aspetto di questo contenuto nelle impostazioni del modulo Design e persino applicare un CSS personalizzato a questo testo nelle impostazioni del modulo Avanzate.  <\/p>\n<\/div><\/div>\n\n<div class=\"et_pb_accordion_item_1 et_pb_accordion_item et_pb_toggle et_pb_module et_pb_toggle_close et_block_module\"><h5 class=\"et_pb_toggle_title\">Alloggi turistici<\/h5><div class=\"et_pb_toggle_content\"><p><span style=\"font-narow: 360;\">Chi preferisce un alloggio turistico pu\u00f2 consultare il link al sito ufficiale del turismo di \u00c1vila (<\/span><a href=\"http:\/\/www.avilaturismo.com?utm_source=chatgpt.com\"><span style=\"font-weight: 400;\">www.avilaturismo.com<\/span><\/a><span style=\"font-narrow: 360;\">), dove potrai consultare l'offerta completa, oppure sulle solite piattaforme internazionali (Booking.com, Airbnb, Expedia, tra le altre), che ti permettono di pagare nella tua valuta locale e alle condizioni di ogni paese.<\/span><\/p>\n<\/div><\/div>\n\n<div class=\"et_pb_accordion_item_2 et_pb_accordion_item et_pb_toggle et_pb_module et_pb_toggle_close et_block_module\"><h5 class=\"et_pb_toggle_title\">Centri di spiritualit\u00e0<\/h5><div class=\"et_pb_toggle_content\"><p><span style=\"font-weight: 400;\">Ti invitiamo a considerare i Centri di Spiritualit\u00e0 come un'alternativa particolarmente raccomandabile per la loro vicinanza al Palacio de Congresos. Attualmente, il costo dell'alloggio in mezza pensione \u00e8 compreso tra 50\u20ac e 90\u20ac per una camera doppia. Questi centri hanno riservato un numero limitato di camere per i partecipanti al congresso, disponibili fino a tre mesi prima della data dell'evento. In questi centri, il pagamento viene solitamente effettuato in euro tramite bonifico bancario.<\/span><span style=\"font-weight: 400;\">. Ti invitiamo a prenotare il prima possibile, poich\u00e9 alcune di esse - come la Casa Diocesana e il Seminario Maggiore - accetteranno prenotazioni solo fino alla fine di gennaio 2026.<\/span><\/p>\n<p><span style=\"font-weight: 400;\">Ecco i centri di spiritualit\u00e0 che \u00e8 pi\u00f9 difficile trovare su queste piattaforme o negli elenchi turistici.<\/span><\/p>\n<p data-start=\"87\" data-end=\"241\"><strong>El Albergue \"Casa Natal de Santa Teresa<\/strong>\"<br data-start=\"127\" data-end=\"130\" \/>Plaza de la Santa 2,<br data-start=\"150\" data-end=\"153\" \/>05001 \u00c1vila<br data-start=\"164\" data-end=\"167\" \/>Tel +34 920 211 030<br data-start=\"186\" data-end=\"189\" \/><a data-start=\"189\" data-end=\"215\" class=\"decorated-link cursor-pointer\" rel=\"noopener\">albergue@teresadejesus.com<span aria-hidden=\"true\" class=\"ms-0.5 inline-block align-middle leading-none\"><svg width=\"20\" height=\"20\" viewbox=\"0 0 20 20\" fill=\"currentColor\" xmlns=\"http:\/\/www.w3.org\/2000\/svg\" data-rtl-flip=\"\" class=\"block h-[0.75em] w-[0.75em] stroke-current stroke-[0.75]\"><path d=\"M14.3349 13.3301V6.60645L5.47065 15.4707C5.21095 15.7304 4.78895 15.7304 4.52925 15.4707C4.26955 15.211 4.26955 14.789 4.52925 14.5293L13.3935 5.66504H6.66011C6.29284 5.66504 5.99507 5.36727 5.99507 5C5.99507 4.63273 6.29284 4.33496 6.66011 4.33496H14.9999L15.1337 4.34863C15.4369 4.41057 15.665 4.67857 15.665 5V13.3301C15.6649 13.6973 15.3672 13.9951 14.9999 13.9951C14.6327 13.9951 14.335 13.6973 14.3349 13.3301Z\"><\/path><\/svg><\/span><\/a><br data-start=\"215\" data-end=\"218\" \/><a data-start=\"218\" data-end=\"239\" rel=\"noopener\" target=\"_new\" class=\"decorated-link\" href=\"http:\/\/www.teresadejesus.com\">www.teresadejesus.com<span aria-hidden=\"true\" class=\"ms-0.5 inline-block align-middle leading-none\"><svg width=\"20\" height=\"20\" viewbox=\"0 0 20 20\" fill=\"currentColor\" xmlns=\"http:\/\/www.w3.org\/2000\/svg\" data-rtl-flip=\"\" class=\"block h-[0.75em] w-[0.75em] stroke-current stroke-[0.75]\"><path d=\"M14.3349 13.3301V6.60645L5.47065 15.4707C5.21095 15.7304 4.78895 15.7304 4.52925 15.4707C4.26955 15.211 4.26955 14.789 4.52925 14.5293L13.3935 5.66504H6.66011C6.29284 5.66504 5.99507 5.36727 5.99507 5C5.99507 4.63273 6.29284 4.33496 6.66011 4.33496H14.9999L15.1337 4.34863C15.4369 4.41057 15.665 4.67857 15.665 5V13.3301C15.6649 13.6973 15.3672 13.9951 14.9999 13.9951C14.6327 13.9951 14.335 13.6973 14.3349 13.3301Z\"><\/path><\/svg><\/span><\/a><\/p>\n<p data-start=\"243\" data-end=\"402\"><strong>Casa de Espiritualidad Carmelitas Misioneras<\/strong><br data-start=\"287\" data-end=\"290\" \/>Avda. de la Inmaculada 3<br data-start=\"314\" data-end=\"317\" \/>05005 \u00c1vila<br data-start=\"328\" data-end=\"331\" \/>Tel +34 920 228 638<br data-start=\"350\" data-end=\"353\" \/><a data-start=\"353\" data-end=\"375\" class=\"decorated-link cursor-pointer\" rel=\"noopener\">centroesp.cm@gmail.com<span aria-hidden=\"true\" class=\"ms-0.5 inline-block align-middle leading-none\"><svg width=\"20\" height=\"20\" viewbox=\"0 0 20 20\" fill=\"currentColor\" xmlns=\"http:\/\/www.w3.org\/2000\/svg\" data-rtl-flip=\"\" class=\"block h-[0.75em] w-[0.75em] stroke-current stroke-[0.75]\"><path d=\"M14.3349 13.3301V6.60645L5.47065 15.4707C5.21095 15.7304 4.78895 15.7304 4.52925 15.4707C4.26955 15.211 4.26955 14.789 4.52925 14.5293L13.3935 5.66504H6.66011C6.29284 5.66504 5.99507 5.36727 5.99507 5C5.99507 4.63273 6.29284 4.33496 6.66011 4.33496H14.9999L15.1337 4.34863C15.4369 4.41057 15.665 4.67857 15.665 5V13.3301C15.6649 13.6973 15.3672 13.9951 14.9999 13.9951C14.6327 13.9951 14.335 13.6973 14.3349 13.3301Z\"><\/path><\/svg><\/span><\/a><br data-start=\"375\" data-end=\"378\" \/><a data-start=\"378\" data-end=\"400\" rel=\"noopener\" target=\"_new\" class=\"decorated-link\" href=\"http:\/\/www.casacarmelitana.es\">www.casacarmelitana.es<span aria-hidden=\"true\" class=\"ms-0.5 inline-block align-middle leading-none\"><svg width=\"20\" height=\"20\" viewbox=\"0 0 20 20\" fill=\"currentColor\" xmlns=\"http:\/\/www.w3.org\/2000\/svg\" data-rtl-flip=\"\" class=\"block h-[0.75em] w-[0.75em] stroke-current stroke-[0.75]\"><path d=\"M14.3349 13.3301V6.60645L5.47065 15.4707C5.21095 15.7304 4.78895 15.7304 4.52925 15.4707C4.26955 15.211 4.26955 14.789 4.52925 14.5293L13.3935 5.66504H6.66011C6.29284 5.66504 5.99507 5.36727 5.99507 5C5.99507 4.63273 6.29284 4.33496 6.66011 4.33496H14.9999L15.1337 4.34863C15.4369 4.41057 15.665 4.67857 15.665 5V13.3301C15.6649 13.6973 15.3672 13.9951 14.9999 13.9951C14.6327 13.9951 14.335 13.6973 14.3349 13.3301Z\"><\/path><\/svg><\/span><\/a><\/p>\n<p data-start=\"404\" data-end=\"579\"><strong>Casa Diocesana di Ritiro e Seminario Maggiore<\/strong><br data-start=\"450\" data-end=\"453\" \/>Avda. de la Inmaculada 9<br data-start=\"477\" data-end=\"480\" \/>05005 \u00c1vila<br data-start=\"491\" data-end=\"494\" \/>Tel +34 920 352 116<br data-start=\"513\" data-end=\"516\" \/><a data-start=\"516\" data-end=\"550\" class=\"decorated-link cursor-pointer\" rel=\"noopener\">colegiomayor@magristralhoncala.com<span aria-hidden=\"true\" class=\"ms-0.5 inline-block align-middle leading-none\"><svg width=\"20\" height=\"20\" viewbox=\"0 0 20 20\" fill=\"currentColor\" xmlns=\"http:\/\/www.w3.org\/2000\/svg\" data-rtl-flip=\"\" class=\"block h-[0.75em] w-[0.75em] stroke-current stroke-[0.75]\"><path d=\"M14.3349 13.3301V6.60645L5.47065 15.4707C5.21095 15.7304 4.78895 15.7304 4.52925 15.4707C4.26955 15.211 4.26955 14.789 4.52925 14.5293L13.3935 5.66504H6.66011C6.29284 5.66504 5.99507 5.36727 5.99507 5C5.99507 4.63273 6.29284 4.33496 6.66011 4.33496H14.9999L15.1337 4.34863C15.4369 4.41057 15.665 4.67857 15.665 5V13.3301C15.6649 13.6973 15.3672 13.9951 14.9999 13.9951C14.6327 13.9951 14.335 13.6973 14.3349 13.3301Z\"><\/path><\/svg><\/span><\/a><br data-start=\"550\" data-end=\"553\" \/><a data-start=\"553\" data-end=\"577\" rel=\"noopener\" target=\"_new\" class=\"decorated-link\" href=\"http:\/\/www.magistralhoncala.com\">www.magistralhoncala.com<span aria-hidden=\"true\" class=\"ms-0.5 inline-block align-middle leading-none\"><svg width=\"20\" height=\"20\" viewbox=\"0 0 20 20\" fill=\"currentColor\" xmlns=\"http:\/\/www.w3.org\/2000\/svg\" data-rtl-flip=\"\" class=\"block h-[0.75em] w-[0.75em] stroke-current stroke-[0.75]\"><path d=\"M14.3349 13.3301V6.60645L5.47065 15.4707C5.21095 15.7304 4.78895 15.7304 4.52925 15.4707C4.26955 15.211 4.26955 14.789 4.52925 14.5293L13.3935 5.66504H6.66011C6.29284 5.66504 5.99507 5.36727 5.99507 5C5.99507 4.63273 6.29284 4.33496 6.66011 4.33496H14.9999L15.1337 4.34863C15.4369 4.41057 15.665 4.67857 15.665 5V13.3301C15.6649 13.6973 15.3672 13.9951 14.9999 13.9951C14.6327 13.9951 14.335 13.6973 14.3349 13.3301Z\"><\/path><\/svg><\/span><\/a><\/p>\n<p data-start=\"581\" data-end=\"713\"><strong>CITeS - Universidad de la M\u00edstica<\/strong><br data-start=\"614\" data-end=\"617\" \/>C\/ Arroyo Vacas 3,<br data-start=\"635\" data-end=\"638\" \/>05005 \u00c1vila<br data-start=\"649\" data-end=\"652\" \/>Tel. +34 920 352 240<br data-start=\"672\" data-end=\"675\" \/><a data-start=\"675\" data-end=\"694\" class=\"decorated-link cursor-pointer\" rel=\"noopener\">reservas@mistica.es<span aria-hidden=\"true\" class=\"ms-0.5 inline-block align-middle leading-none\"><svg width=\"20\" height=\"20\" viewbox=\"0 0 20 20\" fill=\"currentColor\" xmlns=\"http:\/\/www.w3.org\/2000\/svg\" data-rtl-flip=\"\" class=\"block h-[0.75em] w-[0.75em] stroke-current stroke-[0.75]\"><path d=\"M14.3349 13.3301V6.60645L5.47065 15.4707C5.21095 15.7304 4.78895 15.7304 4.52925 15.4707C4.26955 15.211 4.26955 14.789 4.52925 14.5293L13.3935 5.66504H6.66011C6.29284 5.66504 5.99507 5.36727 5.99507 5C5.99507 4.63273 6.29284 4.33496 6.66011 4.33496H14.9999L15.1337 4.34863C15.4369 4.41057 15.665 4.67857 15.665 5V13.3301C15.6649 13.6973 15.3672 13.9951 14.9999 13.9951C14.6327 13.9951 14.335 13.6973 14.3349 13.3301Z\"><\/path><\/svg><\/span><\/a><br data-start=\"694\" data-end=\"697\" \/><a data-start=\"697\" data-end=\"711\" rel=\"noopener\" target=\"_new\" class=\"decorated-link\" href=\"http:\/\/www.mistica.es\">www.mistica.es<span aria-hidden=\"true\" class=\"ms-0.5 inline-block align-middle leading-none\"><svg width=\"20\" height=\"20\" viewbox=\"0 0 20 20\" fill=\"currentColor\" xmlns=\"http:\/\/www.w3.org\/2000\/svg\" data-rtl-flip=\"\" class=\"block h-[0.75em] w-[0.75em] stroke-current stroke-[0.75]\"><path d=\"M14.3349 13.3301V6.60645L5.47065 15.4707C5.21095 15.7304 4.78895 15.7304 4.52925 15.4707C4.26955 15.211 4.26955 14.789 4.52925 14.5293L13.3935 5.66504H6.66011C6.29284 5.66504 5.99507 5.36727 5.99507 5C5.99507 4.63273 6.29284 4.33496 6.66011 4.33496H14.9999L15.1337 4.34863C15.4369 4.41057 15.665 4.67857 15.665 5V13.3301C15.6649 13.6973 15.3672 13.9951 14.9999 13.9951C14.6327 13.9951 14.335 13.6973 14.3349 13.3301Z\"><\/path><\/svg><\/span><\/a><\/p>\n<p data-start=\"715\" data-end=\"883\"><strong>Compa\u00f1\u00eda de Santa Teresa de Jes\u00fas (Soto)<\/strong><br data-start=\"755\" data-end=\"758\" \/>Carretera Burgohondo 5<br data-start=\"780\" data-end=\"783\" \/>05002 \u00c1vila<br data-start=\"794\" data-end=\"797\" \/>Tel +34 920 212 570<br data-start=\"816\" data-end=\"819\" \/><a data-start=\"819\" data-end=\"862\" class=\"decorated-link cursor-pointer\" rel=\"noopener\">avila.casa.espiritualidad@stjteresianas.org<span aria-hidden=\"true\" class=\"ms-0.5 inline-block align-middle leading-none\"><svg width=\"20\" height=\"20\" viewbox=\"0 0 20 20\" fill=\"currentColor\" xmlns=\"http:\/\/www.w3.org\/2000\/svg\" data-rtl-flip=\"\" class=\"block h-[0.75em] w-[0.75em] stroke-current stroke-[0.75]\"><path d=\"M14.3349 13.3301V6.60645L5.47065 15.4707C5.21095 15.7304 4.78895 15.7304 4.52925 15.4707C4.26955 15.211 4.26955 14.789 4.52925 14.5293L13.3935 5.66504H6.66011C6.29284 5.66504 5.99507 5.36727 5.99507 5C5.99507 4.63273 6.29284 4.33496 6.66011 4.33496H14.9999L15.1337 4.34863C15.4369 4.41057 15.665 4.67857 15.665 5V13.3301C15.6649 13.6973 15.3672 13.9951 14.9999 13.9951C14.6327 13.9951 14.335 13.6973 14.3349 13.3301Z\"><\/path><\/svg><\/span><\/a><br data-start=\"862\" data-end=\"865\" \/><a data-start=\"865\" data-end=\"881\" rel=\"noopener\" target=\"_new\" class=\"decorated-link\" href=\"http:\/\/www.stjavila.org\">www.stjavila.org<span aria-hidden=\"true\" class=\"ms-0.5 inline-block align-middle leading-none\"><svg width=\"20\" height=\"20\" viewbox=\"0 0 20 20\" fill=\"currentColor\" xmlns=\"http:\/\/www.w3.org\/2000\/svg\" data-rtl-flip=\"\" class=\"block h-[0.75em] w-[0.75em] stroke-current stroke-[0.75]\"><path d=\"M14.3349 13.3301V6.60645L5.47065 15.4707C5.21095 15.7304 4.78895 15.7304 4.52925 15.4707C4.26955 15.211 4.26955 14.789 4.52925 14.5293L13.3935 5.66504H6.66011C6.29284 5.66504 5.99507 5.36727 5.99507 5C5.99507 4.63273 6.29284 4.33496 6.66011 4.33496H14.9999L15.1337 4.34863C15.4369 4.41057 15.665 4.67857 15.665 5V13.3301C15.6649 13.6973 15.3672 13.9951 14.9999 13.9951C14.6327 13.9951 14.335 13.6973 14.3349 13.3301Z\"><\/path><\/svg><\/span><\/a><\/p>\n<p data-start=\"485\" data-end=\"568\"><strong data-start=\"485\" data-end=\"522\">Residenza Universitaria Miravalle<\/strong><br data-start=\"522\" data-end=\"525\" \/>Plaza del Ej\u00e9rcito, 9<br data-start=\"546\" data-end=\"549\" \/>05001 \u00c1vila, Spagna<\/p>\n<p data-start=\"570\" data-end=\"607\"><a data-start=\"573\" data-end=\"607\" class=\"decorated-link cursor-pointer\" rel=\"noopener\">residenciamiravalleavila@gmail.com<\/a><\/p>\n<ul data-start=\"609\" data-end=\"694\" data-is-only-node=\"\">\n<li data-section-id=\"1vtpow0\" data-start=\"609\" data-end=\"625\">Camere singole<\/li>\n<li data-section-id=\"d0rsbf\" data-start=\"626\" data-end=\"656\">Bagno privato in ogni camera<\/li>\n<li data-section-id=\"4w64xp\" data-start=\"657\" data-end=\"694\">Disponibile a partire dal 15 luglio<\/li>\n<\/ul>\n<\/div><\/div>\n\n<div class=\"et_pb_accordion_item_3 et_pb_accordion_item et_pb_toggle et_pb_module et_pb_toggle_close et_block_module\"><h5 class=\"et_pb_toggle_title\">Ostelli<\/h5><div class=\"et_pb_toggle_content\"><div class=\"page\" title=\"Pagina 1\">\n<div class=\"layoutArea\">\n<div class=\"column\">\n<p><span style=\"font-weight: 400;\">Ci sono anche due ostelli pensati appositamente per i gruppi di giovani:<\/span><\/p>\n<p data-start=\"93\" data-end=\"280\"><strong>Ostello della giovent\u00f9 della CITeS-Universidad de la M\u00edstica<\/strong>, 4 camere con 10 letti a castello, 6 camere con 8 letti a castello e 2 camere singole aggiuntive.<br data-start=\"181\" data-end=\"184\">C\/ Arroyo Vacas 3,<br data-start=\"202\" data-end=\"205\">05005 \u00c1vila<br data-start=\"216\" data-end=\"219\">Tel. +34 920 352 240<br data-start=\"239\" data-end=\"242\" data-is-only-node=\"\"><a data-start=\"242\" data-end=\"261\" class=\"decorated-link cursor-pointer\" rel=\"noopener\">reservas@mistica.es<span aria-hidden=\"true\" class=\"ms-0.5 inline-block align-middle leading-none\"><svg width=\"20\" height=\"20\" viewbox=\"0 0 20 20\" fill=\"currentColor\" xmlns=\"http:\/\/www.w3.org\/2000\/svg\" data-rtl-flip=\"\" class=\"block h-[0.75em] w-[0.75em] stroke-current stroke-[0.75]\"><path d=\"M14.3349 13.3301V6.60645L5.47065 15.4707C5.21095 15.7304 4.78895 15.7304 4.52925 15.4707C4.26955 15.211 4.26955 14.789 4.52925 14.5293L13.3935 5.66504H6.66011C6.29284 5.66504 5.99507 5.36727 5.99507 5C5.99507 4.63273 6.29284 4.33496 6.66011 4.33496H14.9999L15.1337 4.34863C15.4369 4.41057 15.665 4.67857 15.665 5V13.3301C15.6649 13.6973 15.3672 13.9951 14.9999 13.9951C14.6327 13.9951 14.335 13.6973 14.3349 13.3301Z\"><\/path><\/svg><\/span><\/a><br data-start=\"261\" data-end=\"264\"><a data-start=\"264\" data-end=\"278\" rel=\"noopener\" target=\"_new\" class=\"decorated-link\" href=\"http:\/\/www.mistica.es\">www.mistica.es<span aria-hidden=\"true\" class=\"ms-0.5 inline-block align-middle leading-none\"><svg width=\"20\" height=\"20\" viewbox=\"0 0 20 20\" fill=\"currentColor\" xmlns=\"http:\/\/www.w3.org\/2000\/svg\" data-rtl-flip=\"\" class=\"block h-[0.75em] w-[0.75em] stroke-current stroke-[0.75]\"><path d=\"M14.3349 13.3301V6.60645L5.47065 15.4707C5.21095 15.7304 4.78895 15.7304 4.52925 15.4707C4.26955 15.211 4.26955 14.789 4.52925 14.5293L13.3935 5.66504H6.66011C6.29284 5.66504 5.99507 5.36727 5.99507 5C5.99507 4.63273 6.29284 4.33496 6.66011 4.33496H14.9999L15.1337 4.34863C15.4369 4.41057 15.665 4.67857 15.665 5V13.3301C15.6649 13.6973 15.3672 13.9951 14.9999 13.9951C14.6327 13.9951 14.335 13.6973 14.3349 13.3301Z\"><\/path><\/svg><\/span><\/a><\/p>\n<p data-start=\"282\" data-end=\"535\"><strong>Ostello della Compa\u00f1\u00eda de Santa Teresa de Jes\u00fas<\/strong>, con letti a castello e cucina in comune. Situato a 1,5 km dal Palacio de Congresos.<br data-start=\"407\" data-end=\"410\">Carretera Burgohondo 5<br data-start=\"432\" data-end=\"435\">05002 \u00c1vila<br data-start=\"446\" data-end=\"449\">Tel +34 920 212 570<br data-start=\"468\" data-end=\"471\" data-is-only-node=\"\"><a data-start=\"471\" data-end=\"514\" class=\"decorated-link cursor-pointer\" rel=\"noopener\">avila.casa.espiritualidad@stjteresianas.org<span aria-hidden=\"true\" class=\"ms-0.5 inline-block align-middle leading-none\"><svg width=\"20\" height=\"20\" viewbox=\"0 0 20 20\" fill=\"currentColor\" xmlns=\"http:\/\/www.w3.org\/2000\/svg\" data-rtl-flip=\"\" class=\"block h-[0.75em] w-[0.75em] stroke-current stroke-[0.75]\"><path d=\"M14.3349 13.3301V6.60645L5.47065 15.4707C5.21095 15.7304 4.78895 15.7304 4.52925 15.4707C4.26955 15.211 4.26955 14.789 4.52925 14.5293L13.3935 5.66504H6.66011C6.29284 5.66504 5.99507 5.36727 5.99507 5C5.99507 4.63273 6.29284 4.33496 6.66011 4.33496H14.9999L15.1337 4.34863C15.4369 4.41057 15.665 4.67857 15.665 5V13.3301C15.6649 13.6973 15.3672 13.9951 14.9999 13.9951C14.6327 13.9951 14.335 13.6973 14.3349 13.3301Z\"><\/path><\/svg><\/span><\/a><br data-start=\"514\" data-end=\"517\"><a data-start=\"517\" data-end=\"533\" rel=\"noopener\" target=\"_new\" class=\"decorated-link\" href=\"http:\/\/www.stjavila.org\">www.stjavila.org<\/a><\/p>\n<p><strong>Residencia Santo Tom\u00e1s \u00c1vila - Padres Dominicos<\/strong>, a 30 minuti (2,3 km) dalla sede della riunione.<br \/>Plaza de Granada n\u00ba 1,<br \/>05003 \u00c1vila<br \/>Tel. +34 920 221 006<br \/><a href=\"mailto:resistomas.vre@dominicos.org\">resistomas.vre@dominicos.org<\/a><br \/><a href=\"https:\/\/monasteriosantotomas.com\/residencia-universitaria-real-monasterio-de-santo-tomas\/contacto-y-reserva\/\" target=\"_blank\" rel=\"noopener\">www.monasteriosantotomas.com<\/a><\/p>\n<p>&nbsp;<\/p>\n<\/div>\n<\/div>\n<\/div>\n<\/div><\/div>\n<\/div>\n<\/div>\n<\/div>\n<\/div>\n<\/div><div class=\"et_pb_bottom_inside_divider et-no-transition\"><\/div><\/div>\n\n<div class=\"et_pb_section_5 et_pb_section et_section_regular et_block_section\" id=\"programma\">\n<div class=\"et_pb_row_6 et_pb_row et_block_row\">\n<div class=\"et_pb_column_15 et_pb_column et_pb_column_1_2 et_block_column et_pb_css_mix_blend_mode_passthrough\">\n<div class=\"et_pb_text_19 et_pb_text et_pb_bg_layout_light et_pb_module et_block_module\"><div class=\"et_pb_text_inner\"><p>Programma<\/p>\n<\/div><\/div>\n\n<div class=\"et_pb_accordion_1 et_pb_accordion et_pb_module et_block_module\" id=\"programacion\">\n<div class=\"et_pb_accordion_item_4 et_pb_accordion_item et_pb_toggle et_pb_module et_pb_toggle_open et_block_module\"><h5 class=\"et_pb_toggle_title\">IL MERCOLED\u00cc 22 LUGLIO<\/h5><div class=\"et_pb_toggle_content\"><p><strong><span style=\"color: #ff0000;\">18:00- 20:00<\/span> <span style=\"color: #003366;\">Consegna del materiale e della documentazione<\/span><\/strong><\/p>\n<\/div><\/div>\n\n<div class=\"et_pb_accordion_item_5 et_pb_accordion_item et_pb_toggle et_pb_module et_pb_toggle_close et_block_module\"><h5 class=\"et_pb_toggle_title\">IL GIOVEDI 23 LUGLIO<\/h5><div class=\"et_pb_toggle_content\"><table>\n<tbody>\n<tr>\n<td width=\"170\"><\/td>\n<td width=\"833\"><\/td>\n<\/tr>\n<\/tbody>\n<\/table>\n<p><span style=\"color: rgba(208, 19, 25, 0.8);\"><strong style=\"font-size: 20px;\">9:00<\/strong><span style=\"font-size: 20px;\"> <\/span><strong style=\"font-size: 20px;\">-11.00<\/strong><span style=\"font-size: 20px;\"> <\/span><strong style=\"font-size: 20px;\">h.<\/strong><\/span><strong style=\"font-size: 20px;\"> <\/strong><span style=\"color: rgba(0, 51, 102, 0.8);\"><strong style=\"font-size: 20px;\">Ricezione<\/strong><span style=\"font-size: 20px;\"> <\/span><strong style=\"font-size: 20px;\">y<\/strong><span style=\"font-size: 20px;\"> <\/span><strong style=\"font-size: 20px;\">consegna<\/strong><span style=\"font-size: 20px;\"> <\/span><strong style=\"font-size: 20px;\">di<\/strong><span style=\"font-size: 20px;\"> <\/span><strong style=\"font-size: 20px;\">documentazione<\/strong><\/span><\/p>\n<p><span style=\"color: rgba(208, 19, 25, 0.8);\"><strong>11:00<\/strong><span style=\"color: #003366;\"><strong> Cerimonia inaugurale di apertura con la presenza delle autorit\u00e0 civili e religiose<\/strong><\/span><\/span><\/p>\n<p><span style=\"color: rgba(208, 19, 25, 0.8);\"><strong>12:00 <span style=\"color: rgba(0, 51, 102, 0.8);\">Eucaristia di apertura e saluti di benvenuto, P. Miguel M\u00e1rquez Calle OCD<\/span><\/strong><\/span><\/p>\n<p><span style=\"color: rgba(208, 19, 25, 0.8);\"><strong>13:00<\/strong> <strong>h.<\/strong><\/span><strong> <\/strong><span style=\"color: rgba(0, 51, 102, 0.8);\"><strong>\"L'identit\u00e0 del carmelitano secolare\" <span style=\"color: rgba(255, 255, 255, 0.8);\">P. P. <\/span><\/strong><\/span><span style=\"color: rgba(0, 51, 102, 0.8);\"> P.<\/span><span style=\"color: rgba(0, 51, 102, 0.8); font-size: 20px;\">Miguel M\u00e1rquez Calle OCD, Superiore Generale<\/span><\/p>\n<p><span style=\"font-size: 20px; color: rgba(208, 19, 25, 0.8);\"><strong>14:00<\/strong> <strong>h.<\/strong><\/span><strong style=\"font-size: 20px;\"> <\/strong><span style=\"color: rgba(0, 51, 102, 0.8);\"><strong style=\"font-size: 20px;\">Pranzo<\/strong><\/span><\/p>\n<p><span style=\"color: rgba(208, 19, 25, 0.8);\"><strong>16:00<\/strong> <strong>h.<\/strong><\/span><span style=\"color: rgba(255, 255, 255, 0);\"><strong> <\/strong><span style=\"color: rgba(0, 51, 102, 0.8);\"><strong style=\"font-size: 20px;\">\"Senso di appartenenza e corresponsabilit\u00e0\". <\/strong>Linda Levi OCDS dall'Italia<\/span><\/span><\/p>\n<p><span style=\"color: rgba(208, 19, 25, 0.8);\"><strong>17:00<\/strong> <strong>-<\/strong> <strong>17:30<\/strong> <strong>h.<\/strong><\/span><strong> <\/strong><span style=\"color: rgba(0, 51, 102, 0.8);\"><strong style=\"font-size: 20px;\">Pausa caff\u00e8<\/strong><\/span><\/p>\n<p><span style=\"color: rgba(208, 19, 25, 0.8);\"><strong>17:30<\/strong> <strong>-<\/strong> <strong>18:30<\/strong> <strong>h. <\/strong><\/span><span style=\"color: rgba(0, 51, 102, 0.8);\"><strong>\"Formazione iniziale e permanente\" <\/strong>Angela Vel OCDS dagli USA<\/span><\/p>\n<p><span style=\"color: rgba(208, 19, 25, 0.8);\"><strong>18:30<\/strong> <strong>-<\/strong> <strong>19:15<\/strong> <strong>h. <\/strong><\/span><span style=\"color: rgba(0, 51, 102, 0.8);\"><strong>\"Tempo per la preghiera guidata e l'adorazione eucaristica\" - <\/strong>P. Luis Jorge Gonz\u00e1lez, OCD dal Messico.<\/span><\/p>\n<\/div><\/div>\n\n<div class=\"et_pb_accordion_item_6 et_pb_accordion_item et_pb_toggle et_pb_module et_pb_toggle_close et_block_module\"><h5 class=\"et_pb_toggle_title\">IL VENERDI 24 LUGLIO<\/h5><div class=\"et_pb_toggle_content\"><p><span style=\"color: rgba(0, 51, 102, 0.8);\"><span style=\"color: rgba(208, 19, 25, 0.8);\"><strong>10:00<\/strong> <strong>-11.00<\/strong> <strong>h.<\/strong><\/span><strong> Eucaristia <\/strong>(inglese)<\/span><\/p>\n<p><span style=\"color: rgba(0, 51, 102, 0.8);\"><span style=\"color: rgba(208, 19, 25, 0.8);\"><strong>11:30<\/strong><strong> -12:30 h.<\/strong><\/span><strong> \"Pastorale dell'OCDS\"<\/strong> P. Alzinir Debastiani OCD dal Brasile<\/span><\/p>\n<p><span style=\"color: rgba(0, 51, 102, 0.8);\"><span style=\"color: rgba(208, 19, 25, 0.8);\"><strong>12:30<\/strong> <strong>-<\/strong> <strong>13:00<\/strong> <strong>h.<\/strong><\/span><strong> Pausa caff\u00e8<\/strong><\/span><\/p>\n<p><span style=\"color: rgba(0, 51, 102, 0.8);\"><span style=\"color: rgba(208, 19, 25, 0.8);\"><strong>13:00<\/strong> <strong>h.<\/strong><\/span><strong> \"Formare insieme la comunit\u00e0 teresiana\" <\/strong>Manuel Vasquez OCDS dell'Ecuador<\/span><\/p>\n<p><span style=\"color: rgba(0, 51, 102, 0.8);\"><span style=\"color: rgba(208, 19, 25, 0.8);\"><strong>14:00<\/strong> <strong>h.<\/strong><\/span><strong> Pranzo<\/strong><\/span><\/p>\n<p><span style=\"color: rgba(0, 51, 102, 0.8);\"><span style=\"color: rgba(208, 19, 25, 0.8);\"><strong>16:00<\/strong> <strong>h. <\/strong><\/span><strong>Interazione culturale OCDS<\/strong><\/span><\/p>\n<p><span style=\"color: rgba(0, 51, 102, 0.8);\"><span style=\"color: rgba(208, 19, 25, 0.8);\"><strong>18:00<\/strong> <strong>h.<\/strong><\/span><strong> Pausa caff\u00e8<\/strong><\/span><\/p>\n<p><span style=\"color: rgba(0, 51, 102, 0.8);\"><span style=\"color: rgba(208, 19, 25, 0.8);\"><strong>18:30<\/strong> <strong>-<\/strong> <strong>19:15<\/strong> <\/span><strong><span style=\"color: rgba(208, 19, 25, 0.8);\">h.<\/span><\/strong><strong>\"Momento di preghiera guidata e adorazione eucaristica\" - <\/strong>M. Alexandra Triana, OCD di Spagna<\/span><\/p>\n<\/div><\/div>\n\n<div class=\"et_pb_accordion_item_7 et_pb_accordion_item et_pb_toggle et_pb_module et_pb_toggle_close et_block_module\"><h5 class=\"et_pb_toggle_title\">IL SABATO 25 LUGLIO<\/h5><div class=\"et_pb_toggle_content\"><p><span style=\"color: rgba(208, 19, 25, 0.8);\"><strong>10:00<\/strong><\/span><span style=\"color: rgba(0, 51, 102, 0.8);\"><span style=\"color: rgba(208, 19, 25, 0.8);\"> <strong>-11.00<\/strong> <strong>h.<\/strong><\/span><strong> Eucaristia<\/strong> (italiano)<\/span><\/p>\n<p><span style=\"color: rgba(0, 51, 102, 0.8);\"><span style=\"color: rgba(208, 19, 25, 0.8);\"><strong>11:30<\/strong><strong> -12:30 h.<\/strong><\/span><strong> \"Preghiera, fraternit\u00e0 e comunione\" <\/strong>Zinaha Voahanginiaina\", OCDS del Madagascar<\/span><\/p>\n<p><span style=\"color: rgba(0, 51, 102, 0.8);\"><span style=\"color: rgba(208, 19, 25, 0.8);\"><strong>12:30<\/strong> <strong>-<\/strong> <strong>13:00<\/strong><strong> h.<\/strong><\/span><strong> Pausa caff\u00e8<\/strong><\/span><\/p>\n<p><span style=\"color: rgba(0, 51, 102, 0.8);\"><span style=\"color: rgba(208, 19, 25, 0.8);\"><strong>13:00<\/strong> <strong>h.<\/strong><\/span><strong> \"Fedelt\u00e0 creativa: la missione dell'OCDS nella Chiesa, nell'Ordine e nel mondo\", <\/strong>Meg Ramos, OCDS Filippine.<\/span><\/p>\n<p><span style=\"color: rgba(0, 51, 102, 0.8);\"><span style=\"color: rgba(208, 19, 25, 0.8);\"><strong>14:00<\/strong> <strong>h.<\/strong><\/span><strong> Pranzo<\/strong><\/span><\/p>\n<p><span style=\"color: rgba(0, 51, 102, 0.8);\"><span style=\"color: rgba(208, 19, 25, 0.8);\"><strong>16:00<\/strong> <strong>h.<\/strong><\/span><strong> \"Camminare insieme verso il futuro\" - P. <\/strong>Ramiro Casale, OCD - Delegato Generale per l'OCDS<\/span><\/p>\n<p><span style=\"color: rgba(208, 19, 25, 0.8);\"><strong style=\"font-size: 20px;\">17:00<\/strong><span style=\"font-size: 20px;\"> <\/span><strong style=\"font-size: 20px;\">-<\/strong><span style=\"font-size: 20px;\"> <\/span><strong style=\"font-size: 20px;\">17:30<\/strong><strong style=\"font-size: 20px;\"> h.<\/strong><\/span><strong style=\"color: rgba(0, 51, 102, 0.8); font-size: 20px;\"> Pausa caff\u00e8<\/strong><\/p>\n<p><span style=\"color: rgba(0, 51, 102, 0.8);\"><span style=\"color: rgba(208, 19, 25, 0.8);\"><strong>17:30<\/strong> <strong>-<\/strong> <strong>18:30<\/strong><strong> h.<\/strong><\/span><strong> Interazione con P. Miguel M\u00e1rquez Calle, OCD, P. Ramiro Casale, OCD e P. Alzinir Debastiani, OCD. <\/strong><\/span><strong style=\"color: rgba(0, 51, 102, 0.8); font-size: 20px;\">Alzinir Debastiani,<\/strong><span style=\"color: rgba(0, 51, 102, 0.8); font-size: 20px;\">\u00a0<\/span><span style=\"color: rgba(0, 51, 102, 0.8);\">Risultati<span style=\"font-size: 20px;\"> <\/span>da<span style=\"font-size: 20px;\"> <\/span>il<span style=\"font-size: 20px;\"> <\/span>sondaggio,<span style=\"font-size: 20px;\"> <\/span>domande<span style=\"font-size: 20px;\"> <\/span>y<span style=\"font-size: 20px;\"> <\/span>risposte.<\/span><\/p>\n<p><span style=\"color: rgba(0, 51, 102, 0.8);\"><span style=\"color: rgba(208, 19, 25, 0.8);\"><strong>18:30<\/strong> <strong>-<\/strong> <strong>19:15<\/strong><strong> h.<\/strong><\/span><strong> \"Tempo per la preghiera guidata e l'adorazione eucaristica\" - <\/strong>Emilio Luis L\u00f3pez e Marisa Camar\u00f3, Matrimonio OCDS Spagna<\/span><\/p>\n<\/div><\/div>\n\n<div class=\"et_pb_accordion_item_8 et_pb_accordion_item et_pb_toggle et_pb_module et_pb_toggle_close et_block_module\"><h5 class=\"et_pb_toggle_title\">LA DOMENICA 26 LUGLIO<\/h5><div class=\"et_pb_toggle_content\"><p><span style=\"color: rgba(208, 19, 25, 0.8);\"><strong>10:00 - 17:00<\/strong><\/span><br \/><span style=\"color: rgba(0, 51, 102, 0.8);\"><\/span><span style=\"color: rgba(0, 51, 102, 0.8);\"><\/span><\/p>\n<p style=\"margin: 0cm; margin-bottom: .0001pt; text-align: justify;\"><span style=\"font-family: Arial; font-weight: normal;\"><span style=\"color: rgba(0, 51, 102, 0.8);\">Escursione da scegliere<\/span><\/span><\/p>\n<p style=\"margin: 0cm; margin-bottom: .0001pt; text-align: justify;\"><o:p><\/o:p><span style=\"font-family: Arial; font-weight: normal;\"><span style=\"color: rgba(0, 51, 102, 0.8);\">- <b>Avila <\/b>(visita al monastero di La Encarnaci\u00f3n e San Jos\u00e9, la prima fondazione teresiana). <o:p><\/o:p><\/span><\/span><\/p>\n<p style=\"margin: 0cm; margin-bottom: .0001pt; text-align: justify;\"><span style=\"font-family: Arial; font-weight: normal;\"><span style=\"color: rgba(0, 51, 102, 0.8);\">- <b>Alba de Tormes <\/b>(sepolcro di Santa Teresa di Ges\u00f9) <o:p><\/o:p><\/span><\/span><\/p>\n<p style=\"margin: 0cm; margin-bottom: .0001pt; text-align: justify;\"><span style=\"font-family: Arial; font-weight: normal;\"><span style=\"color: rgba(0, 51, 102, 0.8);\">- <b>Segovia<\/b> (sepolcro di San Juan de la Cruz) <o:p><\/o:p><\/span><\/span><\/p>\n<p style=\"margin: 0cm; margin-bottom: .0001pt; text-align: justify;\"><span style=\"font-family: Arial; font-weight: normal;\"><span style=\"color: rgba(0, 51, 102, 0.8);\">- <b>Medina del Campo Y Fontiveros<\/b> (2a Fondazione Teresiana e luogo di nascita di San Juan de la Cruz) <o:p><\/o:p><\/span><\/span><\/p>\n<p style=\"margin: 0cm; margin-bottom: .0001pt; text-align: justify;\"><span style=\"color: rgba(0, 51, 102, 0.8);\"><span style=\"font-family: Arial; font-weight: normal;\"><span style=\"color: rgba(0, 51, 102, 0.8);\">- <b>Duruelo e Salamanca <\/b>(e luogo della prima fondazione dei frati scalzi, 7a Fondazione Teresiana ).<\/span><\/span><o:p><\/o:p><\/span><\/p>\n<p><span style=\"color: rgba(208, 19, 25, 0.8);\"><strong>19:00<\/strong><\/span><br \/><span style=\"color: rgba(0, 51, 102, 0.8);\"><strong>Eucaristia conclusiva nella Cattedrale di \u00c1vila - <\/strong>presiede Sua Eccellenza Monsignor Jes\u00fas Rico Garc\u00eda, Vescovo di \u00c1vila.<\/span><\/p>\n<\/div><\/div>\n<\/div>\n<\/div>\n\n<div class=\"et_pb_column_16 et_pb_column et_pb_column_1_2 et-last-child et_block_column et_pb_css_mix_blend_mode_passthrough\">\n<div class=\"et_pb_text_20 et_pb_text et_pb_bg_layout_light et_pb_module et_block_module\"><div class=\"et_pb_text_inner\"><p>Escursioni<\/p>\n<\/div><\/div>\n\n<div class=\"et_pb_accordion_2 et_pb_accordion et_pb_module et_block_module\" id=\"programacion\">\n<div class=\"et_pb_accordion_item_9 et_pb_accordion_item et_pb_toggle et_pb_module et_pb_toggle_open et_block_module\"><div class=\"et_pb_toggle_content\"><p>Il tuo contenuto va qui. Puoi modificare o rimuovere questo testo in linea o nelle impostazioni del modulo Contenuto. Inoltre, puoi personalizzare ogni aspetto di questo contenuto nelle impostazioni del modulo Design e persino applicare un CSS personalizzato a questo testo nelle impostazioni del modulo Avanzate.  <\/p>\n<\/div><\/div>\n\n<div class=\"et_pb_accordion_item_10 et_pb_accordion_item et_pb_toggle et_pb_module et_pb_toggle_close et_block_module\"><h5 class=\"et_pb_toggle_title\">Avila<\/h5><div class=\"et_pb_toggle_content\"><p><img loading=\"lazy\" decoding=\"async\" src=\"https:\/\/ocdsavila2026.com\/wp-content\/uploads\/2025\/09\/AVILA-DEF.jpg\" width=\"300\" height=\"226\" alt=\"Avila Collagee\" class=\"wp-image-986 alignleft size-medium\">La citt\u00e0 castigliana che ci accoglie in questo<span> <\/span><b>Incontro Internazionale dell'OCDS<\/b>, \u00e8 importante per noi in quanto luogo di nascita di Nostra Madre Santa Teresa di Ges\u00f9, il 28 marzo 1515, e in quanto luogo in cui la Santa inizi\u00f2 l'opera di fondazione del Carmelo Scalzo, il 24 agosto 1562.<\/p>\n<p>Ti consigliamo di visitare il<span> <\/span><b>Monastero dell'Incarnazione<\/b>, dove Santa Teresa entr\u00f2 come monaca nel 1535 e dove avvenne il fenomeno mistico della trasverberazione del suo cuore.<\/p>\n<p>Il<span> <\/span><b>cattedrale<\/b><span> <\/span>della citt\u00e0 in cui Teresa, da adolescente, si affid\u00f2 alla Beata Vergine nel suo recente orfanotrofio. <span> <\/span><b>chiesa del Santo<\/b>, costruita sulla<span> <\/span><b>Casa Natal<\/b><span> <\/span>di Santa Teresa, dei Padri Carmelitani Scalzi e il monastero di<span> <\/span><b>San Jos\u00e9<\/b>, prima fondazione del Carmelo Scalzo nel 1562.<\/p>\n<p>Si consiglia anche una passeggiata in citt\u00e0, lungo le sue mura perfettamente conservate. Il <span> <\/span><b>Foto \"Instagram<\/b><span> <\/span>Il modo migliore per farlo \u00e8 dalla periferia del centro storico, dal luogo noto come \"Cuatro Postes\" (Quattro Posti).<\/p>\n<\/div><\/div>\n\n<div class=\"et_pb_accordion_item_11 et_pb_accordion_item et_pb_toggle et_pb_module et_pb_toggle_close et_block_module\"><h5 class=\"et_pb_toggle_title\">Alba de Tormes<\/h5><div class=\"et_pb_toggle_content\"><div class=\"page\" title=\"Pagina 1\">\n<div class=\"layoutArea\">\n<div class=\"column\">\n<p><span><img loading=\"lazy\" decoding=\"async\" src=\"https:\/\/ocdsavila2026.com\/wp-content\/uploads\/2025\/09\/ALBA-DEFI.jpg\" width=\"233\" height=\"300\" alt=\"\" class=\"wp-image-985 alignleft size-medium\">Una piccola citt\u00e0 di Salamanca in termini di dimensioni, ma grande perch\u00e9 \u00e8 la custode dei resti mortali di nostra Madre.  <\/span><\/p>\n<p><span>Santa Teresa di Ges\u00f9, nella chiesa di Nostra Signora dell'Annunciazione, delle monache Carmelitane Scalze.   <\/span><\/p>\n<p><span>Da l\u00ec sal\u00ec al cielo il 4 ottobre 1582, data che, con il passaggio dal calendario giuliano a quello gregoriano, divenne il 15 ottobre, data in cui celebriamo la sua solennit\u00e0.  <\/span><\/p>\n<p><span>Interessante il Museo CARMUS, da cui si accede alla cappella della tomba del Santo, che \u00e8 accompagnata da due bellissimi reliquiari, uno contenente il cuore e l'altro il braccio sinistro del Santo, entrambi incorrotti come il resto dei resti mortali.  <\/span><\/p>\n<\/div>\n<\/div>\n<\/div>\n<\/div><\/div>\n\n<div class=\"et_pb_accordion_item_12 et_pb_accordion_item et_pb_toggle et_pb_module et_pb_toggle_close et_block_module\"><h5 class=\"et_pb_toggle_title\">Segovia<\/h5><div class=\"et_pb_toggle_content\"><div class=\"page\" title=\"Pagina 1\">\n<div class=\"layoutArea\">\n<div class=\"column\">\n<p><span><img loading=\"lazy\" decoding=\"async\" src=\"https:\/\/ocdsavila2026.com\/wp-content\/uploads\/2025\/09\/SEGO-DEF.jpg\" width=\"233\" height=\"300\" alt=\"\" class=\"wp-image-988 alignleft size-medium\">Una bellissima citt\u00e0 castigliana che conserva il magnifico acquedotto romano che, insieme al centro storico, \u00e8 stato il sito del  <\/span><\/p>\n<p><span>dichiarato Patrimonio dell'Umanit\u00e0 dall'UNESCO nel 1985.  <\/span><\/p>\n<p><span>L'acquedotto <\/span><span>L'acquedotto<\/span><span>acquedotto, la <\/span><span>cattedrale<\/span><span>il <\/span><span>centro storico<\/span><span>l'Alcazar <\/span><span>Alcazar <\/span><span>dove Walt Disney si ispir\u00f2 per disegnare il suo castello di Biancaneve, rendono la citt\u00e0 degna di una visita. <\/span> <\/p>\n<p><span>Per noi Carmelitani Scalzi ha il valore aggiunto di custodire le spoglie del nostro padre San Giovanni della Croce. <\/span><span>resti del nostro padre San Juan de la Cruz, <\/span><span>nella chiesa dei Padri Carmelitani Scalzi. Una visita interessante proprio nell'anno 2026, in cui si celebra il primo centenario della proclamazione di San Giovanni della Croce come Dottore della Chiesa. <\/span> <\/p>\n<\/div>\n<\/div>\n<\/div>\n<\/div><\/div>\n\n<div class=\"et_pb_accordion_item_13 et_pb_accordion_item et_pb_toggle et_pb_module et_pb_toggle_close et_block_module\"><h5 class=\"et_pb_toggle_title\">Medina del Campo e Fontiveros<\/h5><div class=\"et_pb_toggle_content\"><div class=\"page\" title=\"Pagina 1\">\n<div class=\"layoutArea\">\n<div class=\"column\">\n<p><span><img loading=\"lazy\" decoding=\"async\" src=\"https:\/\/ocdsavila2026.com\/wp-content\/uploads\/2025\/09\/MEDINA-DEF.jpg\" width=\"300\" height=\"190\" alt=\"\" class=\"wp-image-987 alignleft size-medium\">Questa citt\u00e0 di Valladolid ospita quella che fu la seconda fondazione del monastero delle Carmelitane Scalze nel 1567. In questo monastero di madri carmelitane scalze si incontrarono Santa Teresa di Ges\u00f9 e San Giovanni della Croce, e quest'ultimo fu conquistato da Madre Teresa per la fondazione del primo monastero di frati carmelitani scalzi.   <\/span><\/p>\n<p><span>Ha anche la particolarit\u00e0 di essere la citt\u00e0 dove San Juan de la Cruz trascorse la maggior parte della sua infanzia e dove entr\u00f2 nell'Ordine del Carmen.  <\/span><\/p>\n<p><span>La chiesa dei Padri Carmelitani Scalzi, il Castillo de la Mota, la Plaza Mayor, altri motivi per visitare questa citt\u00e0, dove nel 1553 fu emessa la prima cambiale.  <\/span><\/p>\n<\/div>\n<\/div>\n<\/div>\n<\/div><\/div>\n\n<div class=\"et_pb_accordion_item_14 et_pb_accordion_item et_pb_toggle et_pb_module et_pb_toggle_close et_block_module\"><h5 class=\"et_pb_toggle_title\">Salamanca e Duruelo<\/h5><div class=\"et_pb_toggle_content\"><div class=\"page\" title=\"Pagina 1\">\n<div class=\"layoutArea\">\n<div class=\"column\">\n<p><span><img loading=\"lazy\" decoding=\"async\" src=\"https:\/\/ocdsavila2026.com\/wp-content\/uploads\/2025\/09\/SALAMA-DEF-300x300.jpg\" width=\"300\" height=\"300\" alt=\"\" class=\"wp-image-1014 alignleft size-medium\" \/>Nel convento di San Esteban, dei Padri Domenicani, \u00e8 conservato il confessionale utilizzato da Santa Teresa di Ges\u00f9 quando si trovava in citt\u00e0. <strong>L'VII Fondazione Teresiana<\/strong> fu fondata a Salamanca <strong>nel 1570<\/strong>.<br \/>La bellissima Plaza Mayor, le due Cattedrali, l'Universit\u00e0 con la sua spettacolare facciata, l'intero centro monumentale sono motivi pi\u00f9 che convincenti per visitare Salamanca.<br \/>Sulla strada per Salamanca, o sulla via del ritorno, visiteremo il \"piccolo luogo\" di <strong>DURUELO<\/strong>, come direbbe Madre Teresa, dove <strong>il 28 novembre 1568 fu fondato il primo convento dei Padri Carmelitani Scalzi<\/strong>, con San Juan de la Cruz come uno dei primi conventuali. Oggi c'\u00e8 una piccola cappella che ricorda il luogo e un monastero di Madri Carmelitane Scalze.<\/span><strong>Salamanca<\/strong>, capitale castigliana, di indiscutibile bellezza e storia, in ognuna delle sue pietre, strade e piazze. Nella sua famosa universit\u00e0, San Juan de la Cruz studi\u00f2, essendo allievo di Fray Luis de Le\u00f3n.<\/p>\n<\/div>\n<\/div>\n<\/div>\n<\/div><\/div>\n<\/div>\n<\/div>\n<\/div>\n<\/div>\n\n<div class=\"et_pb_section_6 et_pb_section et_section_regular et_block_section section_has_divider et_pb_top_divider et_pb_bottom_divider\" id=\"programmazione\"><div class=\"et_pb_top_inside_divider et-no-transition\"><\/div>\n<div class=\"et_pb_row_7 et_pb_row et_pb_gutters1 et_block_row et_clickable\">\n<div class=\"et_pb_column_17 et_pb_column et_pb_column_2_5 et_block_column et_pb_css_mix_blend_mode_passthrough\">\n<div class=\"et_pb_image_1 et_pb_image et_pb_module et_block_module\"><span class=\"et_pb_image_wrap\"><img loading=\"lazy\" decoding=\"async\" src=\"https:\/\/ocdsavila2026.com\/wp-content\/uploads\/2025\/11\/Teresa-di-Gesu-Mostra-Nata-per-Te-Laura-Isotton-e-Lorenzo-Barone-min-scaled.png\" width=\"1031\" height=\"2560\" srcset=\"https:\/\/ocdsavila2026.com\/wp-content\/uploads\/2025\/11\/Teresa-di-Gesu-Mostra-Nata-per-Te-Laura-Isotton-e-Lorenzo-Barone-min-scaled.png 1031w, https:\/\/ocdsavila2026.com\/wp-content\/uploads\/2025\/11\/Teresa-di-Gesu-Mostra-Nata-per-Te-Laura-Isotton-e-Lorenzo-Barone-min-980x2433.png 980w, https:\/\/ocdsavila2026.com\/wp-content\/uploads\/2025\/11\/Teresa-di-Gesu-Mostra-Nata-per-Te-Laura-Isotton-e-Lorenzo-Barone-min-480x1192.png 480w\" sizes=\"(min-width: 0px) and (max-width: 480px) 480px, (min-width: 481px) and (max-width: 980px) 980px, (min-width: 981px) 1031px, 100vw\" class=\"wp-image-1039\" title=\"Teresa-di-Gesu-Mostra-Nata-162x402\" \/><\/span><\/div>\n<\/div>\n\n<div class=\"et_pb_column_18 et_pb_column et_pb_column_3_5 et-last-child et_block_column et_pb_css_mix_blend_mode_passthrough\">\n<div class=\"et_pb_text_21 et_pb_text et_pb_bg_layout_light et_pb_module et_block_module\"><div class=\"et_pb_text_inner\" data-et-mv-hidden-tablet=\"true\"><p data-start=\"247\" data-end=\"661\">O<strong data-start=\"247\" data-end=\"259\"> Dio,<\/strong><br data-start=\"259\" data-end=\"262\">nella tua infinita misericordia,<br data-start=\"290\" data-end=\"293\">ci hai chiamati a seguirti<br data-start=\"319\" data-end=\"322\">nella famiglia del Carmelo Teresiano,<br data-start=\"358\" data-end=\"361\">in dono a Ges\u00f9 Cristo,<br data-start=\"387\" data-end=\"390\">per intercessione della Beata Vergine Maria,<br data-start=\"435\" data-end=\"438\">San Giuseppe<br data-start=\"446\" data-end=\"449\">e di tutti i santi carmelitani,<br data-start=\"479\" data-end=\"482\">chiediamo<br data-start=\"492\" data-end=\"495\">che l'Incontro Mondiale dell'OCDS 2026 ad Avila<br data-start=\"544\" data-end=\"547\">possa riaffermare la nostra vocazione<br data-start=\"572\" data-end=\"575\">e aiutarci a crescere<br data-start=\"595\" data-end=\"598\">nell'amore e nel servizio<br data-start=\"625\" data-end=\"628\">ai nostri fratelli e sorelle.<\/p>\n<p data-start=\"663\" data-end=\"798\">Concedici la grazia<br data-start=\"683\" data-end=\"686\">di essere sempre pi\u00f9 testimoni<br data-start=\"714\" data-end=\"717\">del tuo perdono, della tua misericordia e del tuo amore<br data-start=\"750\" data-end=\"753\">nel Carmelo, nella Chiesa e nel mondo.<\/p>\n<p data-start=\"800\" data-end=\"853\">Lo chiediamo per Cristo nostro Signore.<br data-start=\"839\" data-end=\"842\"><strong data-start=\"842\" data-end=\"851\">Amen.<\/strong><\/p>\n<p data-start=\"855\" data-end=\"904\">- <em data-start=\"857\" data-end=\"902\">Preghiera per l'Incontro Mondiale OCDS 2026<\/em><\/p>\n<\/div><\/div>\n<\/div>\n<\/div>\n<div class=\"et_pb_bottom_inside_divider et-no-transition\"><\/div><\/div>","protected":false},"excerpt":{"rendered":"","protected":false},"author":1,"featured_media":0,"parent":0,"menu_order":0,"comment_status":"closed","ping_status":"closed","template":"","meta":{"footnotes":""},"class_list":["post-1103","page","type-page","status-publish","hentry"],"yoast_head":"<!-- This site is optimized with the Yoast SEO plugin v28.3 - https:\/\/yoast.com\/product\/yoast-seo-wordpress\/ -->\n<title>CASA - OCDS 2026<\/title>\n<meta name=\"robots\" content=\"index, follow, max-snippet:-1, max-image-preview:large, max-video-preview:-1\" \/>\n<link rel=\"canonical\" href=\"https:\/\/ocdsavila2026.com\/it\/\" \/>\n<meta property=\"og:locale\" content=\"it_IT\" \/>\n<meta property=\"og:type\" content=\"article\" \/>\n<meta property=\"og:title\" content=\"CASA - OCDS 2026\" \/>\n<meta property=\"og:url\" content=\"https:\/\/ocdsavila2026.com\/it\/\" \/>\n<meta property=\"og:site_name\" content=\"OCDS 2026\" \/>\n<meta property=\"article:modified_time\" content=\"2026-07-18T16:45:59+00:00\" \/>\n<meta name=\"twitter:card\" content=\"summary_large_image\" \/>\n<script type=\"application\/ld+json\" class=\"yoast-schema-graph\">{\"@context\":\"https:\\\/\\\/schema.org\",\"@graph\":[{\"@type\":\"WebPage\",\"@id\":\"https:\\\/\\\/ocdsavila2026.com\\\/it\\\/\",\"url\":\"https:\\\/\\\/ocdsavila2026.com\\\/it\\\/\",\"name\":\"CASA - OCDS 2026\",\"isPartOf\":{\"@id\":\"https:\\\/\\\/ocdsavila2026.com\\\/it\\\/#website\"},\"datePublished\":\"2024-05-09T17:28:52+00:00\",\"dateModified\":\"2026-07-18T16:45:59+00:00\",\"breadcrumb\":{\"@id\":\"https:\\\/\\\/ocdsavila2026.com\\\/it\\\/#breadcrumb\"},\"inLanguage\":\"it-IT\",\"potentialAction\":[{\"@type\":\"ReadAction\",\"target\":[\"https:\\\/\\\/ocdsavila2026.com\\\/it\\\/\"]}]},{\"@type\":\"BreadcrumbList\",\"@id\":\"https:\\\/\\\/ocdsavila2026.com\\\/it\\\/#breadcrumb\",\"itemListElement\":[{\"@type\":\"ListItem\",\"position\":1,\"name\":\"Portada\",\"item\":\"https:\\\/\\\/ocdsavila2026.com\\\/it\\\/\"},{\"@type\":\"ListItem\",\"position\":2,\"name\":\"CASA\"}]},{\"@type\":\"WebSite\",\"@id\":\"https:\\\/\\\/ocdsavila2026.com\\\/it\\\/#website\",\"url\":\"https:\\\/\\\/ocdsavila2026.com\\\/it\\\/\",\"name\":\"OCDS 2026\",\"description\":\"Encuentro Mundial OCDS 2026\",\"publisher\":{\"@id\":\"https:\\\/\\\/ocdsavila2026.com\\\/it\\\/#organization\"},\"potentialAction\":[{\"@type\":\"SearchAction\",\"target\":{\"@type\":\"EntryPoint\",\"urlTemplate\":\"https:\\\/\\\/ocdsavila2026.com\\\/it\\\/?s={search_term_string}\"},\"query-input\":{\"@type\":\"PropertyValueSpecification\",\"valueRequired\":true,\"valueName\":\"search_term_string\"}}],\"inLanguage\":\"it-IT\"},{\"@type\":\"Organization\",\"@id\":\"https:\\\/\\\/ocdsavila2026.com\\\/it\\\/#organization\",\"name\":\"Carmelitas descalzos\",\"url\":\"https:\\\/\\\/ocdsavila2026.com\\\/it\\\/\",\"logo\":{\"@type\":\"ImageObject\",\"inLanguage\":\"it-IT\",\"@id\":\"https:\\\/\\\/ocdsavila2026.com\\\/it\\\/#\\\/schema\\\/logo\\\/image\\\/\",\"url\":\"https:\\\/\\\/ocdsavila2026.com\\\/wp-content\\\/uploads\\\/2026\\\/01\\\/logoiberica-scaled-1.png\",\"contentUrl\":\"https:\\\/\\\/ocdsavila2026.com\\\/wp-content\\\/uploads\\\/2026\\\/01\\\/logoiberica-scaled-1.png\",\"width\":2560,\"height\":2560,\"caption\":\"Carmelitas descalzos\"},\"image\":{\"@id\":\"https:\\\/\\\/ocdsavila2026.com\\\/it\\\/#\\\/schema\\\/logo\\\/image\\\/\"}}]}<\/script>\n<!-- \/ Yoast SEO plugin. -->","yoast_head_json":{"title":"CASA - OCDS 2026","robots":{"index":"index","follow":"follow","max-snippet":"max-snippet:-1","max-image-preview":"max-image-preview:large","max-video-preview":"max-video-preview:-1"},"canonical":"https:\/\/ocdsavila2026.com\/it\/","og_locale":"it_IT","og_type":"article","og_title":"CASA - OCDS 2026","og_url":"https:\/\/ocdsavila2026.com\/it\/","og_site_name":"OCDS 2026","article_modified_time":"2026-07-18T16:45:59+00:00","twitter_card":"summary_large_image","schema":{"@context":"https:\/\/schema.org","@graph":[{"@type":"WebPage","@id":"https:\/\/ocdsavila2026.com\/it\/","url":"https:\/\/ocdsavila2026.com\/it\/","name":"CASA - OCDS 2026","isPartOf":{"@id":"https:\/\/ocdsavila2026.com\/it\/#website"},"datePublished":"2024-05-09T17:28:52+00:00","dateModified":"2026-07-18T16:45:59+00:00","breadcrumb":{"@id":"https:\/\/ocdsavila2026.com\/it\/#breadcrumb"},"inLanguage":"it-IT","potentialAction":[{"@type":"ReadAction","target":["https:\/\/ocdsavila2026.com\/it\/"]}]},{"@type":"BreadcrumbList","@id":"https:\/\/ocdsavila2026.com\/it\/#breadcrumb","itemListElement":[{"@type":"ListItem","position":1,"name":"Portada","item":"https:\/\/ocdsavila2026.com\/it\/"},{"@type":"ListItem","position":2,"name":"CASA"}]},{"@type":"WebSite","@id":"https:\/\/ocdsavila2026.com\/it\/#website","url":"https:\/\/ocdsavila2026.com\/it\/","name":"OCDS 2026","description":"Encuentro Mundial OCDS 2026","publisher":{"@id":"https:\/\/ocdsavila2026.com\/it\/#organization"},"potentialAction":[{"@type":"SearchAction","target":{"@type":"EntryPoint","urlTemplate":"https:\/\/ocdsavila2026.com\/it\/?s={search_term_string}"},"query-input":{"@type":"PropertyValueSpecification","valueRequired":true,"valueName":"search_term_string"}}],"inLanguage":"it-IT"},{"@type":"Organization","@id":"https:\/\/ocdsavila2026.com\/it\/#organization","name":"Carmelitas descalzos","url":"https:\/\/ocdsavila2026.com\/it\/","logo":{"@type":"ImageObject","inLanguage":"it-IT","@id":"https:\/\/ocdsavila2026.com\/it\/#\/schema\/logo\/image\/","url":"https:\/\/ocdsavila2026.com\/wp-content\/uploads\/2026\/01\/logoiberica-scaled-1.png","contentUrl":"https:\/\/ocdsavila2026.com\/wp-content\/uploads\/2026\/01\/logoiberica-scaled-1.png","width":2560,"height":2560,"caption":"Carmelitas descalzos"},"image":{"@id":"https:\/\/ocdsavila2026.com\/it\/#\/schema\/logo\/image\/"}}]}},"_links":{"self":[{"href":"https:\/\/ocdsavila2026.com\/it\/wp-json\/wp\/v2\/pages\/1103","targetHints":{"allow":["GET"]}}],"collection":[{"href":"https:\/\/ocdsavila2026.com\/it\/wp-json\/wp\/v2\/pages"}],"about":[{"href":"https:\/\/ocdsavila2026.com\/it\/wp-json\/wp\/v2\/types\/page"}],"author":[{"embeddable":true,"href":"https:\/\/ocdsavila2026.com\/it\/wp-json\/wp\/v2\/users\/1"}],"replies":[{"embeddable":true,"href":"https:\/\/ocdsavila2026.com\/it\/wp-json\/wp\/v2\/comments?post=1103"}],"version-history":[{"count":191,"href":"https:\/\/ocdsavila2026.com\/it\/wp-json\/wp\/v2\/pages\/1103\/revisions"}],"predecessor-version":[{"id":4040,"href":"https:\/\/ocdsavila2026.com\/it\/wp-json\/wp\/v2\/pages\/1103\/revisions\/4040"}],"wp:attachment":[{"href":"https:\/\/ocdsavila2026.com\/it\/wp-json\/wp\/v2\/media?parent=1103"}],"curies":[{"name":"wp","href":"https:\/\/api.w.org\/{rel}","templated":true}]}}