{"id":1260,"date":"2025-08-22T11:59:51","date_gmt":"2025-08-22T09:59:51","guid":{"rendered":"https:\/\/ocdsavila2026.com\/ocds\/"},"modified":"2025-12-11T00:00:12","modified_gmt":"2025-12-10T23:00:12","slug":"ocds","status":"publish","type":"page","link":"https:\/\/ocdsavila2026.com\/it\/ocds\/","title":{"rendered":"OCDS"},"content":{"rendered":"<p><div class=\"et_d4_element et_pb_section et_pb_section_0 et_pb_with_background  et_pb_css_mix_blend_mode et_section_regular section_has_divider et_pb_bottom_divider et_block_section\" >\n\t\t\t\t\n\t\t\t\t\n\t\t\t\t\n\t\t\t\t\n\t\t\t\t\n\t\t\t\t\n\t\t\t\t<div class=\"et_d4_element et_pb_row et_pb_row_0  et_pb_css_mix_blend_mode et_block_row\">\n\t\t\t\t<div class=\"et_d4_element et_pb_column_3_5 et_pb_column et_pb_column_0  et_pb_css_mix_blend_mode et_block_column\">\n\t\t\t\t\n\t\t\t\t\n\t\t\t\t\n\t\t\t\t\n\t\t\t\t<div class=\"et_pb_module et_d4_element et_pb_text et_pb_text_0 et_animated  et_pb_text_align_left et_pb_bg_layout_light\">\n\t\t\t\t\n\t\t\t\t\n\t\t\t\t\n\t\t\t\t\n\t\t\t\t<div class=\"et_pb_text_inner\"><h1><span>L'OCDS<\/span><\/h1>\n<p>&nbsp;<\/p>\n<p>La grande famiglia del Carmelo Teresiano \u00e8 presente nel mondo in molti modi. Il suo nucleo \u00e8 l'Ordine dei Carmelitani Scalzi, composto da frati, monache di clausura e laici (OCDS). Si tratta di un unico Ordine con lo stesso carisma. Si nutre della lunga tradizione storica del Carmelo, contenuta nella Regola di Sant'Alberto e negli insegnamenti dei Dottori Carmelitani della Chiesa e di altri santi dell'Ordine.<\/p><\/div>\n\t\t\t<\/div><div class=\"et_pb_module et_d4_element et_pb_text et_pb_text_1 et_animated  et_pb_text_align_left et_pb_bg_layout_light\">\n\t\t\t\t\n\t\t\t\t\n\t\t\t\t\n\t\t\t\t\n\t\t\t\t<div class=\"et_pb_text_inner\"><p>I Carmelitani Secolari, insieme ai Frati e alle Monache, sono figli e figlie dell'Ordine di Nostra Signora del Monte Carmelo e di Santa Teresa di Ges\u00f9. Pertanto, condividono con i religiosi lo stesso carisma, ognuno lo vive secondo il proprio stato di vita. Sono una famiglia con gli stessi beni spirituali, la stessa vocazione alla santit\u00e0 e la stessa missione apostolica. I laici portano all'Ordine la ricchezza della loro secolarit\u00e0.   <\/p><\/div>\n\t\t\t<\/div>\n\t\t\t<\/div><div class=\"et_d4_element et_pb_column_2_5 et_pb_column et_pb_column_1  et_pb_css_mix_blend_mode et-last-child et_block_column et_pb_column_empty\">\n\t\t\t\t\n\t\t\t\t\n\t\t\t\t\n\t\t\t\t\n\t\t\t\t\n\t\t\t<\/div>\n\t\t\t\t\n\t\t\t\t\n\t\t\t\t\n\t\t\t\t\n\t\t\t<\/div>\n\t\t\t\t\n\t\t\t\t<div class=\"et_pb_bottom_inside_divider et-no-transition\"><\/div>\n\t\t\t<\/div><div class=\"et_d4_element et_pb_section et_pb_section_1 et_pb_with_background  et_pb_css_mix_blend_mode et_section_regular et_block_section\" >\n\t\t\t\t\n\t\t\t\t\n\t\t\t\t\n\t\t\t\t\n\t\t\t\t\n\t\t\t\t\n\t\t\t\t<div class=\"et_d4_element et_pb_row et_pb_row_1  et_pb_css_mix_blend_mode et_block_row\">\n\t\t\t\t<div class=\"et_d4_element et_pb_column_2_5 et_pb_column et_pb_column_2  et_pb_css_mix_blend_mode et_block_column et_pb_column_empty\">\n\t\t\t\t\n\t\t\t\t\n\t\t\t\t\n\t\t\t\t\n\t\t\t\t\n\t\t\t<\/div><div class=\"et_d4_element et_pb_column_3_5 et_pb_column et_pb_column_3  et_pb_css_mix_blend_mode et-last-child et_block_column\">\n\t\t\t\t\n\t\t\t\t\n\t\t\t\t\n\t\t\t\t\n\t\t\t\t<div class=\"et_pb_module et_d4_element et_pb_text et_pb_text_2 et_animated  et_pb_text_align_left et_pb_bg_layout_light\">\n\t\t\t\t\n\t\t\t\t\n\t\t\t\t\n\t\t\t\t\n\t\t\t\t<div class=\"et_pb_text_inner\"><p>I membri dell'Ordine Secolare dei Carmelitani Scalzi sono fedeli della Chiesa chiamati a vivere \"nel dono di Ges\u00f9 Cristo\" attraverso \"l'amicizia con Colui che sappiamo ci ama\", servendo la Chiesa. Sotto la protezione di Nostra Signora del Monte Carmelo, secondo l'ispirazione di Santa Teresa di Ges\u00f9, San Giovanni della Croce e la tradizione biblica del profeta Elia, cercano di approfondire l'impegno cristiano ricevuto al momento del battesimo. <\/p><\/div>\n\t\t\t<\/div>\n\t\t\t<\/div>\n\t\t\t\t\n\t\t\t\t\n\t\t\t\t\n\t\t\t\t\n\t\t\t<\/div>\n\t\t\t\t\n\t\t\t\t\n\t\t\t<\/div><div id=\"cronache\" class=\"et_d4_element et_pb_section et_pb_section_2 et_pb_with_background  et_pb_css_mix_blend_mode et_section_regular section_has_divider et_pb_bottom_divider et_pb_top_divider et_block_section\" >\n\t\t\t\t<div class=\"et_pb_top_inside_divider et-no-transition\"><\/div>\n\t\t\t\t\n\t\t\t\t\n\t\t\t\t\n\t\t\t\t\n\t\t\t\t\n\t\t\t\t<div class=\"et_d4_element et_pb_row et_pb_row_2  et_pb_css_mix_blend_mode et_block_row\">\n\t\t\t\t<div class=\"et_d4_element et_pb_column_1_3 et_pb_column et_pb_column_4  et_pb_css_mix_blend_mode et_block_column et_pb_column_empty\">\n\t\t\t\t\n\t\t\t\t\n\t\t\t\t\n\t\t\t\t\n\t\t\t\t\n\t\t\t<\/div><div class=\"et_d4_element et_pb_column_2_3 et_pb_column et_pb_column_5  et_pb_css_mix_blend_mode et-last-child et_block_column\">\n\t\t\t\t\n\t\t\t\t\n\t\t\t\t\n\t\t\t\t\n\t\t\t\t<div class=\"et_pb_module et_d4_element et_pb_text et_pb_text_3  et_pb_text_align_left et_pb_bg_layout_light\">\n\t\t\t\t\n\t\t\t\t\n\t\t\t\t\n\t\t\t\t\n\t\t\t\t<div class=\"et_pb_text_inner\"><p>La Vergine Maria \u00e8 presente in modo speciale, soprattutto come modello di fedelt\u00e0 nell'ascolto del Signore e nell'atteggiamento di servizio a Lui e agli altri. Maria \u00e8 colei che ha conservato e meditato nel suo cuore la vita e le azioni di suo Figlio\" come esempio di contemplazione. Maria \u00e8 un esempio di servizio apostolico. Fu lei, ancora, ad attendere la venuta dello Spirito Santo, perseverando nella preghiera con gli apostoli, testimoniando la preghiera di intercessione. \u00c8 la Madre dell'Ordine. Il carmelitano secolare gode della sua speciale protezione e coltiva una sincera devozione mariana.     <\/p><\/div>\n\t\t\t<\/div>\n\t\t\t<\/div>\n\t\t\t\t\n\t\t\t\t\n\t\t\t\t\n\t\t\t\t\n\t\t\t<\/div>\n\t\t\t\t\n\t\t\t\t\n\t\t\t<\/div><div class=\"et_d4_element et_pb_section et_pb_section_3 et_pb_with_background  et_pb_css_mix_blend_mode et_section_regular section_has_divider et_pb_bottom_divider et_pb_top_divider et_block_section\" >\n\t\t\t\t<div class=\"et_pb_top_inside_divider et-no-transition\"><\/div>\n\t\t\t\t\n\t\t\t\t\n\t\t\t\t\n\t\t\t\t\n\t\t\t\t\n\t\t\t\t<div class=\"et_d4_element et_pb_row et_pb_row_3  et_pb_css_mix_blend_mode et_block_row\">\n\t\t\t\t<div class=\"et_d4_element et_pb_column_3_5 et_pb_column et_pb_column_6  et_pb_css_mix_blend_mode et_block_column\">\n\t\t\t\t\n\t\t\t\t\n\t\t\t\t\n\t\t\t\t\n\t\t\t\t<div class=\"et_pb_module et_d4_element et_pb_text et_pb_text_4  et_pb_text_align_left et_pb_bg_layout_light\">\n\t\t\t\t\n\t\t\t\t\n\t\t\t\t\n\t\t\t\t\n\t\t\t\t<div class=\"et_pb_text_inner\" data-et-multi-view=\"{&quot;schema&quot;:{&quot;content&quot;:{&quot;desktop&quot;:&quot;&lt;p&gt;&nbsp;&lt;\\\/p&gt;\\n&lt;p&gt;Il profeta Elia rappresenta la tradizione carmelitana ed \\u00e8 l&#039;ispirazione a vivere alla presenza di Dio, cercandolo nella solitudine e nel silenzio con zelo per la gloria di Dio. Il carmelitano laico vive la dimensione profetica della vita cristiana e della spiritualit\\u00e0 carmelitana promuovendo la legge dell&#039;amore e della verit\\u00e0 di Dio nel mondo e soprattutto diventando la voce di coloro che non possono esprimere da soli questo amore e questa verit\\u00e0.&lt;br \\\/&gt;La Regola di Sant&#039;Alberto \\u00e8 l&#039;espressione originale della spiritualit\\u00e0 carmelitana. Fu scritta per i laici che si riunirono sul Monte Carmelo per vivere una vita dedicata alla meditazione della Parola di Dio sotto la protezione della Beata Vergine.&lt;br \\\/&gt;La sequela di Ges\\u00f9 come membri dell&#039;Ordine Secolare si esprime attraverso la promessa di tendere alla perfezione evangelica nello spirito dei consigli evangelici di castit\\u00e0, povert\\u00e0 e obbedienza e delle Beatitudini.  &lt;\\\/p&gt;&quot;,&quot;tablet&quot;:&quot;&lt;p&gt; &lt;\\\/p&gt;\\n&lt;p&gt;El Profeta El\\u00edas representa la tradici\\u00f3n del Carmelo y es el inspirador para vivir en la presencia de Dios, busc\\u00e1ndolo en la soledad y el silencio con celo por la gloria Dios. El Seglar vive la dimensi\\u00f3n prof\\u00e9tica de la vida cristiana y de la espiritualidad carmelitana promoviendo la ley de Dios de amor y de verdad en el mundo y especialmente haci\\u00e9ndose voz de aquellos que no pueden por s\\u00ed mismos expresar este amor y esta verdad.&lt;br \\\/&gt;La Regla de San Alberto es la expresi\\u00f3n original de la espiritualidad del Carmelo. Fue escrita para laicos que se reunieron en el Monte Carmelo para vivir una vida dedicada a la meditaci\\u00f3n de la Palabra de Dios bajo la protecci\\u00f3n de la Virgen.&lt;br \\\/&gt;El seguimiento de Jes\\u00fas como miembros de la Orden Seglar se expresa a trav\\u00e9s de la promesa de tender a la perfecci\\u00f3n evang\\u00e9lica en el esp\\u00edritu de los consejos evang\\u00e9licos de castidad, pobreza y obediencia y de las Bienaventuranzas.&lt;\\\/p&gt;&quot;},&quot;target&quot;:&quot;&quot;,&quot;hover_selector&quot;:&quot;&quot;},&quot;slug&quot;:&quot;et_pb_text&quot;}\" data-et-multi-view-load-tablet-hidden=\"true\"><p>&nbsp;<\/p>\n<p>Il profeta Elia rappresenta la tradizione carmelitana ed \u00e8 l'ispirazione a vivere alla presenza di Dio, cercandolo nella solitudine e nel silenzio con zelo per la gloria di Dio. Il carmelitano laico vive la dimensione profetica della vita cristiana e della spiritualit\u00e0 carmelitana promuovendo la legge dell'amore e della verit\u00e0 di Dio nel mondo e soprattutto diventando la voce di coloro che non possono esprimere da soli questo amore e questa verit\u00e0.<br \/>La Regola di Sant'Alberto \u00e8 l'espressione originale della spiritualit\u00e0 carmelitana. Fu scritta per i laici che si riunirono sul Monte Carmelo per vivere una vita dedicata alla meditazione della Parola di Dio sotto la protezione della Beata Vergine.<br \/>La sequela di Ges\u00f9 come membri dell'Ordine Secolare si esprime attraverso la promessa di tendere alla perfezione evangelica nello spirito dei consigli evangelici di castit\u00e0, povert\u00e0 e obbedienza e delle Beatitudini.  <\/p><\/div>\n\t\t\t<\/div>\n\t\t\t<\/div><div class=\"et_d4_element et_pb_column_2_5 et_pb_column et_pb_column_7  et_pb_css_mix_blend_mode et-last-child et_block_column et_pb_column_empty\">\n\t\t\t\t\n\t\t\t\t\n\t\t\t\t\n\t\t\t\t\n\t\t\t\t\n\t\t\t<\/div>\n\t\t\t\t\n\t\t\t\t\n\t\t\t\t\n\t\t\t\t\n\t\t\t<\/div>\n\t\t\t\t\n\t\t\t\t<div class=\"et_pb_bottom_inside_divider et-no-transition\"><\/div>\n\t\t\t<\/div><div class=\"et_d4_element et_pb_section et_pb_section_4  et_pb_css_mix_blend_mode et_section_regular et_block_section\" >\n\t\t\t\t\n\t\t\t\t\n\t\t\t\t\n\t\t\t\t\n\t\t\t\t\n\t\t\t\t\n\t\t\t\t<div class=\"et_d4_element et_pb_row et_pb_row_4  et_pb_css_mix_blend_mode et_block_row\">\n\t\t\t\t<div class=\"et_d4_element et_pb_column_2_3 et_pb_column et_pb_column_8  et_pb_css_mix_blend_mode et_block_column\">\n\t\t\t\t\n\t\t\t\t\n\t\t\t\t\n\t\t\t\t\n\t\t\t\t<div class=\"et_pb_module et_d4_element et_pb_text et_pb_text_5  et_pb_text_align_left et_pb_bg_layout_light\">\n\t\t\t\t\n\t\t\t\t\n\t\t\t\t\n\t\t\t\t\n\t\t\t\t<div class=\"et_pb_text_inner\"><p>La vocazione del Carmelo Teresiano \u00e8 un impegno a \"vivere nel dono di Ges\u00f9 Cristo\", \"meditando giorno e notte la legge del Signore e vegliando nella preghiera\". Fedele a questo principio della Regola, Santa Teresa fece della preghiera il fondamento e l'esercizio primario della sua famiglia religiosa. Pertanto, il Secolare \u00e8 chiamato a fare in modo che la preghiera penetri in tutta la sua esistenza, a camminare alla presenza del Dio vivente (cfr. 1 Re 18:14), attraverso l'esercizio costante della fede, della speranza e dell'amore, in modo che tutta la sua vita sia una preghiera, una ricerca dell'unione con Dio. L'obiettivo sar\u00e0 quello di integrare l'esperienza di Dio con l'esperienza di vita: essere contemplativi nella preghiera e nel compimento della propria missione. Per questo motivo, il laico si impegner\u00e0 a dedicare quotidianamente del tempo alla pratica dell'orazione mentale. Questo \u00e8 il tempo per stare con Dio e rafforzare la relazione con Lui per essere veri testimoni della Sua presenza nel mondo.    <\/p>\n<p>Tutto questo viene vissuto in comunit\u00e0, che aiuta il carmelitano secolare a crescere spiritualmente e lo forma nello studio della nostra Santa Madre Teresa di Ges\u00f9, del nostro Santo Padre Giovanni della Croce, di Santa Teresa di Ges\u00f9 Bambino e di altri Santi carmelitani.<\/p><\/div>\n\t\t\t<\/div>\n\t\t\t<\/div><div class=\"et_d4_element et_pb_column_1_3 et_pb_column et_pb_column_9  et_pb_css_mix_blend_mode et-last-child et_block_column et_pb_column_empty\">\n\t\t\t\t\n\t\t\t\t\n\t\t\t\t\n\t\t\t\t\n\t\t\t\t\n\t\t\t<\/div>\n\t\t\t\t\n\t\t\t\t\n\t\t\t\t\n\t\t\t\t\n\t\t\t<\/div>\n\t\t\t\t\n\t\t\t\t\n\t\t\t<\/div><\/p>\n","protected":false},"excerpt":{"rendered":"","protected":false},"author":1,"featured_media":0,"parent":0,"menu_order":0,"comment_status":"closed","ping_status":"closed","template":"","meta":{"_et_pb_use_builder":"on","_et_pb_old_content":"","_et_gb_content_width":"","footnotes":""},"class_list":["post-1260","page","type-page","status-publish","hentry"],"yoast_head":"<!-- This site is optimized with the Yoast SEO plugin v28.3 - https:\/\/yoast.com\/product\/yoast-seo-wordpress\/ -->\n<title>OCDS - OCDS 2026<\/title>\n<meta name=\"robots\" content=\"index, follow, max-snippet:-1, max-image-preview:large, max-video-preview:-1\" \/>\n<link rel=\"canonical\" href=\"https:\/\/ocdsavila2026.com\/it\/ocds\/\" \/>\n<meta property=\"og:locale\" content=\"it_IT\" \/>\n<meta property=\"og:type\" content=\"article\" \/>\n<meta property=\"og:title\" content=\"OCDS - OCDS 2026\" \/>\n<meta property=\"og:url\" content=\"https:\/\/ocdsavila2026.com\/it\/ocds\/\" \/>\n<meta property=\"og:site_name\" content=\"OCDS 2026\" \/>\n<meta property=\"article:modified_time\" content=\"2025-12-10T23:00:12+00:00\" \/>\n<meta name=\"twitter:card\" content=\"summary_large_image\" \/>\n<meta name=\"twitter:label1\" content=\"Tempo di lettura stimato\" \/>\n\t<meta name=\"twitter:data1\" content=\"11 minuti\" \/>\n<script type=\"application\/ld+json\" class=\"yoast-schema-graph\">{\"@context\":\"https:\\\/\\\/schema.org\",\"@graph\":[{\"@type\":\"WebPage\",\"@id\":\"https:\\\/\\\/ocdsavila2026.com\\\/it\\\/ocds\\\/\",\"url\":\"https:\\\/\\\/ocdsavila2026.com\\\/it\\\/ocds\\\/\",\"name\":\"OCDS - OCDS 2026\",\"isPartOf\":{\"@id\":\"https:\\\/\\\/ocdsavila2026.com\\\/it\\\/#website\"},\"datePublished\":\"2025-08-22T09:59:51+00:00\",\"dateModified\":\"2025-12-10T23:00:12+00:00\",\"breadcrumb\":{\"@id\":\"https:\\\/\\\/ocdsavila2026.com\\\/it\\\/ocds\\\/#breadcrumb\"},\"inLanguage\":\"it-IT\",\"potentialAction\":[{\"@type\":\"ReadAction\",\"target\":[\"https:\\\/\\\/ocdsavila2026.com\\\/it\\\/ocds\\\/\"]}]},{\"@type\":\"BreadcrumbList\",\"@id\":\"https:\\\/\\\/ocdsavila2026.com\\\/it\\\/ocds\\\/#breadcrumb\",\"itemListElement\":[{\"@type\":\"ListItem\",\"position\":1,\"name\":\"Portada\",\"item\":\"https:\\\/\\\/ocdsavila2026.com\\\/it\\\/\"},{\"@type\":\"ListItem\",\"position\":2,\"name\":\"OCDS\"}]},{\"@type\":\"WebSite\",\"@id\":\"https:\\\/\\\/ocdsavila2026.com\\\/it\\\/#website\",\"url\":\"https:\\\/\\\/ocdsavila2026.com\\\/it\\\/\",\"name\":\"OCDS 2026\",\"description\":\"Encuentro Mundial OCDS 2026\",\"publisher\":{\"@id\":\"https:\\\/\\\/ocdsavila2026.com\\\/it\\\/#organization\"},\"potentialAction\":[{\"@type\":\"SearchAction\",\"target\":{\"@type\":\"EntryPoint\",\"urlTemplate\":\"https:\\\/\\\/ocdsavila2026.com\\\/it\\\/?s={search_term_string}\"},\"query-input\":{\"@type\":\"PropertyValueSpecification\",\"valueRequired\":true,\"valueName\":\"search_term_string\"}}],\"inLanguage\":\"it-IT\"},{\"@type\":\"Organization\",\"@id\":\"https:\\\/\\\/ocdsavila2026.com\\\/it\\\/#organization\",\"name\":\"Carmelitas descalzos\",\"url\":\"https:\\\/\\\/ocdsavila2026.com\\\/it\\\/\",\"logo\":{\"@type\":\"ImageObject\",\"inLanguage\":\"it-IT\",\"@id\":\"https:\\\/\\\/ocdsavila2026.com\\\/it\\\/#\\\/schema\\\/logo\\\/image\\\/\",\"url\":\"https:\\\/\\\/ocdsavila2026.com\\\/wp-content\\\/uploads\\\/2026\\\/01\\\/logoiberica-scaled-1.png\",\"contentUrl\":\"https:\\\/\\\/ocdsavila2026.com\\\/wp-content\\\/uploads\\\/2026\\\/01\\\/logoiberica-scaled-1.png\",\"width\":2560,\"height\":2560,\"caption\":\"Carmelitas descalzos\"},\"image\":{\"@id\":\"https:\\\/\\\/ocdsavila2026.com\\\/it\\\/#\\\/schema\\\/logo\\\/image\\\/\"}}]}<\/script>\n<!-- \/ Yoast SEO plugin. -->","yoast_head_json":{"title":"OCDS - OCDS 2026","robots":{"index":"index","follow":"follow","max-snippet":"max-snippet:-1","max-image-preview":"max-image-preview:large","max-video-preview":"max-video-preview:-1"},"canonical":"https:\/\/ocdsavila2026.com\/it\/ocds\/","og_locale":"it_IT","og_type":"article","og_title":"OCDS - OCDS 2026","og_url":"https:\/\/ocdsavila2026.com\/it\/ocds\/","og_site_name":"OCDS 2026","article_modified_time":"2025-12-10T23:00:12+00:00","twitter_card":"summary_large_image","twitter_misc":{"Tempo di lettura stimato":"11 minuti"},"schema":{"@context":"https:\/\/schema.org","@graph":[{"@type":"WebPage","@id":"https:\/\/ocdsavila2026.com\/it\/ocds\/","url":"https:\/\/ocdsavila2026.com\/it\/ocds\/","name":"OCDS - OCDS 2026","isPartOf":{"@id":"https:\/\/ocdsavila2026.com\/it\/#website"},"datePublished":"2025-08-22T09:59:51+00:00","dateModified":"2025-12-10T23:00:12+00:00","breadcrumb":{"@id":"https:\/\/ocdsavila2026.com\/it\/ocds\/#breadcrumb"},"inLanguage":"it-IT","potentialAction":[{"@type":"ReadAction","target":["https:\/\/ocdsavila2026.com\/it\/ocds\/"]}]},{"@type":"BreadcrumbList","@id":"https:\/\/ocdsavila2026.com\/it\/ocds\/#breadcrumb","itemListElement":[{"@type":"ListItem","position":1,"name":"Portada","item":"https:\/\/ocdsavila2026.com\/it\/"},{"@type":"ListItem","position":2,"name":"OCDS"}]},{"@type":"WebSite","@id":"https:\/\/ocdsavila2026.com\/it\/#website","url":"https:\/\/ocdsavila2026.com\/it\/","name":"OCDS 2026","description":"Encuentro Mundial OCDS 2026","publisher":{"@id":"https:\/\/ocdsavila2026.com\/it\/#organization"},"potentialAction":[{"@type":"SearchAction","target":{"@type":"EntryPoint","urlTemplate":"https:\/\/ocdsavila2026.com\/it\/?s={search_term_string}"},"query-input":{"@type":"PropertyValueSpecification","valueRequired":true,"valueName":"search_term_string"}}],"inLanguage":"it-IT"},{"@type":"Organization","@id":"https:\/\/ocdsavila2026.com\/it\/#organization","name":"Carmelitas descalzos","url":"https:\/\/ocdsavila2026.com\/it\/","logo":{"@type":"ImageObject","inLanguage":"it-IT","@id":"https:\/\/ocdsavila2026.com\/it\/#\/schema\/logo\/image\/","url":"https:\/\/ocdsavila2026.com\/wp-content\/uploads\/2026\/01\/logoiberica-scaled-1.png","contentUrl":"https:\/\/ocdsavila2026.com\/wp-content\/uploads\/2026\/01\/logoiberica-scaled-1.png","width":2560,"height":2560,"caption":"Carmelitas descalzos"},"image":{"@id":"https:\/\/ocdsavila2026.com\/it\/#\/schema\/logo\/image\/"}}]}},"_links":{"self":[{"href":"https:\/\/ocdsavila2026.com\/it\/wp-json\/wp\/v2\/pages\/1260","targetHints":{"allow":["GET"]}}],"collection":[{"href":"https:\/\/ocdsavila2026.com\/it\/wp-json\/wp\/v2\/pages"}],"about":[{"href":"https:\/\/ocdsavila2026.com\/it\/wp-json\/wp\/v2\/types\/page"}],"author":[{"embeddable":true,"href":"https:\/\/ocdsavila2026.com\/it\/wp-json\/wp\/v2\/users\/1"}],"replies":[{"embeddable":true,"href":"https:\/\/ocdsavila2026.com\/it\/wp-json\/wp\/v2\/comments?post=1260"}],"version-history":[{"count":14,"href":"https:\/\/ocdsavila2026.com\/it\/wp-json\/wp\/v2\/pages\/1260\/revisions"}],"predecessor-version":[{"id":3116,"href":"https:\/\/ocdsavila2026.com\/it\/wp-json\/wp\/v2\/pages\/1260\/revisions\/3116"}],"wp:attachment":[{"href":"https:\/\/ocdsavila2026.com\/it\/wp-json\/wp\/v2\/media?parent=1260"}],"curies":[{"name":"wp","href":"https:\/\/api.w.org\/{rel}","templated":true}]}}